{"id":2744,"date":"2023-05-02T16:59:48","date_gmt":"2023-05-02T20:59:48","guid":{"rendered":"https:\/\/designinternational.uqam.ca\/2023\/landing-page\/claudia-kappl-joy-copy\/"},"modified":"2023-05-18T11:16:37","modified_gmt":"2023-05-18T15:16:37","slug":"claudia-kappl-joy-jour-01","status":"publish","type":"page","link":"https:\/\/designinternational.uqam.ca\/2023\/landing-page\/claudia-kappl-joy-jour-01\/","title":{"rendered":"CLAUDIA KAPPL JOY-JOUR-01"},"content":{"rendered":"\t\t<div data-elementor-type=\"wp-page\" data-elementor-id=\"2744\" class=\"elementor elementor-2744\">\n\t\t\t\t\t\t<section class=\"elementor-section elementor-top-section elementor-element elementor-element-e8d71ea elementor-section-boxed elementor-section-height-default elementor-section-height-default\" data-id=\"e8d71ea\" data-element_type=\"section\" data-e-type=\"section\">\n\t\t\t\t\t\t<div class=\"elementor-container elementor-column-gap-default\">\n\t\t\t\t\t<div class=\"elementor-column elementor-col-100 elementor-top-column elementor-element elementor-element-2c8f608\" data-id=\"2c8f608\" data-element_type=\"column\" data-e-type=\"column\">\n\t\t\t<div class=\"elementor-widget-wrap elementor-element-populated\">\n\t\t\t\t\t\t<div class=\"elementor-element elementor-element-e8877d6 elementor-widget elementor-widget-spacer\" data-id=\"e8877d6\" data-element_type=\"widget\" data-e-type=\"widget\" data-widget_type=\"spacer.default\">\n\t\t\t\t<div class=\"elementor-widget-container\">\n\t\t\t\t\t\t\t<div class=\"elementor-spacer\">\n\t\t\t<div class=\"elementor-spacer-inner\"><\/div>\n\t\t<\/div>\n\t\t\t\t\t\t<\/div>\n\t\t\t\t<\/div>\n\t\t\t\t\t<\/div>\n\t\t<\/div>\n\t\t\t\t\t<\/div>\n\t\t<\/section>\n\t\t\t\t<section class=\"elementor-section elementor-top-section elementor-element elementor-element-d28286b elementor-section-content-middle elementor-section-full_width elementor-section-height-default elementor-section-height-default\" data-id=\"d28286b\" data-element_type=\"section\" data-e-type=\"section\">\n\t\t\t\t\t\t<div class=\"elementor-container elementor-column-gap-no\">\n\t\t\t\t\t<div class=\"elementor-column elementor-col-100 elementor-top-column elementor-element elementor-element-ba15d07\" data-id=\"ba15d07\" data-element_type=\"column\" data-e-type=\"column\" data-settings=\"{&quot;background_background&quot;:&quot;classic&quot;}\">\n\t\t\t<div class=\"elementor-widget-wrap elementor-element-populated\">\n\t\t\t\t\t\t<div class=\"elementor-element elementor-element-20361da elementor-widget__width-initial elementor-widget elementor-widget-heading\" data-id=\"20361da\" data-element_type=\"widget\" data-e-type=\"widget\" data-widget_type=\"heading.default\">\n\t\t\t\t<div class=\"elementor-widget-container\">\n\t\t\t\t\t<h1 class=\"elementor-heading-title elementor-size-default\"><a href=\"https:\/\/designinternational.uqam.ca\/2023\/landing-page\/claudia-kappl-joy\/\">CLAUDIA KAPPL JOY<\/a><\/h1>\t\t\t\t<\/div>\n\t\t\t\t<\/div>\n\t\t\t\t\t<\/div>\n\t\t<\/div>\n\t\t\t\t\t<\/div>\n\t\t<\/section>\n\t\t\t\t<section class=\"elementor-section elementor-top-section elementor-element elementor-element-6ce2b8e elementor-section-content-middle elementor-section-boxed elementor-section-height-default elementor-section-height-default\" data-id=\"6ce2b8e\" data-element_type=\"section\" data-e-type=\"section\">\n\t\t\t\t\t\t<div class=\"elementor-container elementor-column-gap-default\">\n\t\t\t\t\t<div class=\"elementor-column elementor-col-50 elementor-top-column elementor-element elementor-element-638285c\" data-id=\"638285c\" data-element_type=\"column\" data-e-type=\"column\">\n\t\t\t<div class=\"elementor-widget-wrap elementor-element-populated\">\n\t\t\t\t\t\t<div class=\"elementor-element elementor-element-fcbbb53 elementor-widget__width-initial elementor-widget elementor-widget-text-editor\" data-id=\"fcbbb53\" data-element_type=\"widget\" data-e-type=\"widget\" data-widget_type=\"text-editor.default\">\n\t\t\t\t<div class=\"elementor-widget-container\">\n\t\t\t\t\t\t\t\t\t<p>\u00c9V\u00c9NEMENT<\/p>\t\t\t\t\t\t\t\t<\/div>\n\t\t\t\t<\/div>\n\t\t\t\t\t<\/div>\n\t\t<\/div>\n\t\t\t\t<div class=\"elementor-column elementor-col-50 elementor-top-column elementor-element elementor-element-4e480fc\" data-id=\"4e480fc\" data-element_type=\"column\" data-e-type=\"column\">\n\t\t\t<div class=\"elementor-widget-wrap elementor-element-populated\">\n\t\t\t\t\t\t<div class=\"elementor-element elementor-element-b236c48 elementor-widget__width-initial elementor-widget elementor-widget-text-editor\" data-id=\"b236c48\" data-element_type=\"widget\" data-e-type=\"widget\" data-widget_type=\"text-editor.default\">\n\t\t\t\t<div class=\"elementor-widget-container\">\n\t\t\t\t\t\t\t\t\t<p>JOUR 01<\/p>\t\t\t\t\t\t\t\t<\/div>\n\t\t\t\t<\/div>\n\t\t\t\t\t<\/div>\n\t\t<\/div>\n\t\t\t\t\t<\/div>\n\t\t<\/section>\n\t\t\t\t<section class=\"elementor-section elementor-top-section elementor-element elementor-element-8582ed1 elementor-section-full_width elementor-section-height-default elementor-section-height-default\" data-id=\"8582ed1\" data-element_type=\"section\" data-e-type=\"section\">\n\t\t\t\t\t\t<div class=\"elementor-container elementor-column-gap-default\">\n\t\t\t\t\t<div class=\"elementor-column elementor-col-66 elementor-top-column elementor-element elementor-element-d2e52d6\" data-id=\"d2e52d6\" data-element_type=\"column\" data-e-type=\"column\">\n\t\t\t<div class=\"elementor-widget-wrap elementor-element-populated\">\n\t\t\t\t\t\t<div class=\"elementor-element elementor-element-d374fec elementor-widget__width-initial elementor-widget elementor-widget-text-editor\" data-id=\"d374fec\" data-element_type=\"widget\" data-e-type=\"widget\" data-widget_type=\"text-editor.default\">\n\t\t\t\t<div class=\"elementor-widget-container\">\n\t\t\t\t\t\t\t\t\t<p><span style=\"font-family: Helvetica;\">SAMEDI &#8211; JOUR 01<\/span><\/p><p><span style=\"font-family: Helvetica;\">En apr\u00e8s-midi, Claudia Kappl Joy pr\u00e9sente son travail avec la lumi\u00e8re, qu\u2019elle d\u00e9crit comme une intersection entre l\u2019architecture, l\u2019art et la science. Ses projets visent notamment \u00e0 introduire la lumi\u00e8re, le climat, la nature et l\u2019air de l\u2019ext\u00e9rieur dans le projet. La dimension exp\u00e9rientielle de sa pratique est renforc\u00e9e par sa consid\u00e9ration du son dans l\u2019architecture. \u00a0<\/span><\/p><p><span style=\"font-family: Helvetica;\">Pour la designer, la manipulation de la lumi\u00e8re, \u00e0 travers les couleurs et les contrastes, est essentielle \u00e0 la pratique architecturale. Elle accorde d\u2019ailleurs une place importante au concept de clair-obscur dans son travail. \u00a0<\/span><\/p><p><span style=\"font-family: Helvetica;\">Plus tard dans l\u2019apr\u00e8s-midi, Claudia Kappl Joy pr\u00e9sente aux \u00e9tudiants l\u2019atelier auquel ils vont participer cette semaine, et qui sera d\u2019abord centr\u00e9 sur l\u2019objet, pour ensuite se tourner vers l\u2019espace et vers l\u2019\u00abouter space\u00bb. Dans un tour de table, les \u00e9tudiants pr\u00e9sentent leur parcours et ce sur quoi ils souhaitent travailler dans la prochaine semaine.\u00a0<\/span><\/p>\t\t\t\t\t\t\t\t<\/div>\n\t\t\t\t<\/div>\n\t\t\t\t\t<\/div>\n\t\t<\/div>\n\t\t\t\t<div class=\"elementor-column elementor-col-33 elementor-top-column elementor-element elementor-element-c211b0c\" data-id=\"c211b0c\" data-element_type=\"column\" data-e-type=\"column\">\n\t\t\t<div class=\"elementor-widget-wrap elementor-element-populated\">\n\t\t\t\t\t\t<div class=\"elementor-element elementor-element-8d83951 elementor-widget__width-initial elementor-fixed elementor-widget elementor-widget-image\" data-id=\"8d83951\" data-element_type=\"widget\" data-e-type=\"widget\" data-settings=\"{&quot;_position&quot;:&quot;fixed&quot;}\" data-widget_type=\"image.default\">\n\t\t\t\t<div class=\"elementor-widget-container\">\n\t\t\t\t\t\t\t\t\t\t\t\t\t\t\t<img fetchpriority=\"high\" decoding=\"async\" width=\"300\" height=\"300\" src=\"https:\/\/designinternational.uqam.ca\/2023\/wp-content\/uploads\/sites\/9\/2023\/05\/DES_INT_jour18.png\" class=\"attachment-full size-full wp-image-4248\" alt=\"\" srcset=\"https:\/\/designinternational.uqam.ca\/2023\/wp-content\/uploads\/sites\/9\/2023\/05\/DES_INT_jour18.png 300w, https:\/\/designinternational.uqam.ca\/2023\/wp-content\/uploads\/sites\/9\/2023\/05\/DES_INT_jour18-150x150.png 150w\" sizes=\"(max-width: 300px) 100vw, 300px\" \/>\t\t\t\t\t\t\t\t\t\t\t\t\t\t\t<\/div>\n\t\t\t\t<\/div>\n\t\t\t\t\t<\/div>\n\t\t<\/div>\n\t\t\t\t\t<\/div>\n\t\t<\/section>\n\t\t\t\t<section class=\"elementor-section elementor-top-section elementor-element elementor-element-1d91541 elementor-section-full_width elementor-section-height-default elementor-section-height-default\" data-id=\"1d91541\" data-element_type=\"section\" data-e-type=\"section\">\n\t\t\t\t\t\t<div class=\"elementor-container elementor-column-gap-no\">\n\t\t\t\t\t<div class=\"elementor-column elementor-col-50 elementor-top-column elementor-element elementor-element-1530eb2\" data-id=\"1530eb2\" data-element_type=\"column\" data-e-type=\"column\">\n\t\t\t<div class=\"elementor-widget-wrap elementor-element-populated\">\n\t\t\t\t\t\t<section class=\"elementor-section elementor-inner-section elementor-element elementor-element-f341289 elementor-section-boxed elementor-section-height-default elementor-section-height-default\" data-id=\"f341289\" data-element_type=\"section\" data-e-type=\"section\">\n\t\t\t\t\t\t<div class=\"elementor-container elementor-column-gap-default\">\n\t\t\t\t\t<div class=\"elementor-column elementor-col-50 elementor-inner-column elementor-element elementor-element-40e5989\" data-id=\"40e5989\" data-element_type=\"column\" data-e-type=\"column\">\n\t\t\t<div class=\"elementor-widget-wrap elementor-element-populated\">\n\t\t\t\t\t\t<div class=\"elementor-element elementor-element-3567a26 elementor-widget elementor-widget-text-editor\" data-id=\"3567a26\" data-element_type=\"widget\" data-e-type=\"widget\" data-widget_type=\"text-editor.default\">\n\t\t\t\t<div class=\"elementor-widget-container\">\n\t\t\t\t\t\t\t\t\t<p><a href=\"http:\/\/www.cll-conceptlightinglab.com\">www.cll-conceptlightinglab.com<\/a><\/p>\t\t\t\t\t\t\t\t<\/div>\n\t\t\t\t<\/div>\n\t\t\t\t\t<\/div>\n\t\t<\/div>\n\t\t\t\t<div class=\"elementor-column elementor-col-50 elementor-inner-column elementor-element elementor-element-4a465be\" data-id=\"4a465be\" data-element_type=\"column\" data-e-type=\"column\">\n\t\t\t<div class=\"elementor-widget-wrap elementor-element-populated\">\n\t\t\t\t\t\t<div class=\"elementor-element elementor-element-8e2343e elementor-widget elementor-widget-text-editor\" data-id=\"8e2343e\" data-element_type=\"widget\" data-e-type=\"widget\" data-widget_type=\"text-editor.default\">\n\t\t\t\t<div class=\"elementor-widget-container\">\n\t\t\t\t\t\t\t\t\t<p>Invit\u00e9e de LOUISE PELLETIER<\/p>\t\t\t\t\t\t\t\t<\/div>\n\t\t\t\t<\/div>\n\t\t\t\t\t<\/div>\n\t\t<\/div>\n\t\t\t\t\t<\/div>\n\t\t<\/section>\n\t\t\t\t\t<\/div>\n\t\t<\/div>\n\t\t\t\t<div class=\"elementor-column elementor-col-50 elementor-top-column elementor-element elementor-element-5b385da\" data-id=\"5b385da\" data-element_type=\"column\" data-e-type=\"column\">\n\t\t\t<div class=\"elementor-widget-wrap elementor-element-populated\">\n\t\t\t\t\t\t\t<\/div>\n\t\t<\/div>\n\t\t\t\t\t<\/div>\n\t\t<\/section>\n\t\t\t\t<section class=\"elementor-section elementor-top-section elementor-element elementor-element-c65caee elementor-section-boxed elementor-section-height-default elementor-section-height-default\" data-id=\"c65caee\" data-element_type=\"section\" data-e-type=\"section\">\n\t\t\t\t\t\t<div class=\"elementor-container elementor-column-gap-default\">\n\t\t\t\t\t<div class=\"elementor-column elementor-col-100 elementor-top-column elementor-element elementor-element-d5814a8\" data-id=\"d5814a8\" data-element_type=\"column\" data-e-type=\"column\">\n\t\t\t<div class=\"elementor-widget-wrap elementor-element-populated\">\n\t\t\t\t\t\t<div class=\"elementor-element elementor-element-18e8f35 elementor-widget elementor-widget-spacer\" data-id=\"18e8f35\" data-element_type=\"widget\" data-e-type=\"widget\" data-widget_type=\"spacer.default\">\n\t\t\t\t<div class=\"elementor-widget-container\">\n\t\t\t\t\t\t\t<div class=\"elementor-spacer\">\n\t\t\t<div class=\"elementor-spacer-inner\"><\/div>\n\t\t<\/div>\n\t\t\t\t\t\t<\/div>\n\t\t\t\t<\/div>\n\t\t\t\t\t<\/div>\n\t\t<\/div>\n\t\t\t\t\t<\/div>\n\t\t<\/section>\n\t\t\t\t<section class=\"elementor-section elementor-top-section elementor-element elementor-element-0335e72 elementor-section-full_width elementor-section-height-default elementor-section-height-default\" data-id=\"0335e72\" data-element_type=\"section\" data-e-type=\"section\">\n\t\t\t\t\t\t<div class=\"elementor-container elementor-column-gap-no\">\n\t\t\t\t\t<div class=\"elementor-column elementor-col-33 elementor-top-column elementor-element elementor-element-c1fc566\" data-id=\"c1fc566\" data-element_type=\"column\" data-e-type=\"column\">\n\t\t\t<div class=\"elementor-widget-wrap elementor-element-populated\">\n\t\t\t\t\t\t<div class=\"elementor-element elementor-element-fd297c2 elementor-widget elementor-widget-text-editor\" data-id=\"fd297c2\" data-element_type=\"widget\" data-e-type=\"widget\" data-widget_type=\"text-editor.default\">\n\t\t\t\t<div class=\"elementor-widget-container\">\n\t\t\t\t\t\t\t\t\t<div class=\"\">\u00c9cole de Design &#8211; UQAM<\/div><div class=\"\">1440 Rue Sanguinet<br class=\"\" \/><a href=\"https:\/\/www.instagram.com\/ecoledesignuqam\/\">@ecoledesignuqam<\/a><\/div>\t\t\t\t\t\t\t\t<\/div>\n\t\t\t\t<\/div>\n\t\t\t\t\t<\/div>\n\t\t<\/div>\n\t\t\t\t<div class=\"elementor-column elementor-col-66 elementor-top-column elementor-element elementor-element-4f3f108\" data-id=\"4f3f108\" data-element_type=\"column\" data-e-type=\"column\">\n\t\t\t<div class=\"elementor-widget-wrap\">\n\t\t\t\t\t\t\t<\/div>\n\t\t<\/div>\n\t\t\t\t\t<\/div>\n\t\t<\/section>\n\t\t\t\t<\/div>\n\t\t","protected":false},"excerpt":{"rendered":"<p>CLAUDIA KAPPL JOY \u00c9V\u00c9NEMENT JOUR 01 SAMEDI &#8211; JOUR 01 En apr\u00e8s-midi, Claudia Kappl Joy pr\u00e9sente son travail avec la lumi\u00e8re, qu\u2019elle d\u00e9crit comme une intersection entre l\u2019architecture, l\u2019art et la science. Ses projets visent notamment \u00e0 introduire la lumi\u00e8re, le climat, la nature et l\u2019air de l\u2019ext\u00e9rieur dans le projet. La dimension exp\u00e9rientielle de [&hellip;]<\/p>\n","protected":false},"author":123461,"featured_media":0,"parent":10,"menu_order":0,"comment_status":"closed","ping_status":"closed","template":"","meta":{"footnotes":""},"class_list":["post-2744","page","type-page","status-publish","hentry"],"_links":{"self":[{"href":"https:\/\/designinternational.uqam.ca\/2023\/wp-json\/wp\/v2\/pages\/2744","targetHints":{"allow":["GET"]}}],"collection":[{"href":"https:\/\/designinternational.uqam.ca\/2023\/wp-json\/wp\/v2\/pages"}],"about":[{"href":"https:\/\/designinternational.uqam.ca\/2023\/wp-json\/wp\/v2\/types\/page"}],"author":[{"embeddable":true,"href":"https:\/\/designinternational.uqam.ca\/2023\/wp-json\/wp\/v2\/users\/123461"}],"replies":[{"embeddable":true,"href":"https:\/\/designinternational.uqam.ca\/2023\/wp-json\/wp\/v2\/comments?post=2744"}],"version-history":[{"count":25,"href":"https:\/\/designinternational.uqam.ca\/2023\/wp-json\/wp\/v2\/pages\/2744\/revisions"}],"predecessor-version":[{"id":4258,"href":"https:\/\/designinternational.uqam.ca\/2023\/wp-json\/wp\/v2\/pages\/2744\/revisions\/4258"}],"up":[{"embeddable":true,"href":"https:\/\/designinternational.uqam.ca\/2023\/wp-json\/wp\/v2\/pages\/10"}],"wp:attachment":[{"href":"https:\/\/designinternational.uqam.ca\/2023\/wp-json\/wp\/v2\/media?parent=2744"}],"curies":[{"name":"wp","href":"https:\/\/api.w.org\/{rel}","templated":true}]}}