{"id":49140,"date":"2019-05-15T04:34:20","date_gmt":"2019-05-15T03:34:20","guid":{"rendered":"http:\/\/designinternational.uqam.ca\/2019\/?page_id=49140"},"modified":"2019-05-17T17:25:56","modified_gmt":"2019-05-17T16:25:56","slug":"jos-boys-00","status":"publish","type":"page","link":"https:\/\/designinternational.uqam.ca\/2019\/jos-boys\/jos-boys-00\/","title":{"rendered":"Jos Boys &#8211; 00"},"content":{"rendered":"<div class=\"wpb-content-wrapper\"><p>[vc_row row_height_percent=\u00a0\u00bb0&Prime; overlay_alpha=\u00a0\u00bb50&Prime; gutter_size=\u00a0\u00bb3&Prime; shift_y=\u00a0\u00bb0&Prime;][vc_column width=\u00a0\u00bb10\/12&Prime;][vc_row_inner][vc_column_inner width=\u00a0\u00bb5\/6&Prime;][vc_single_image media=\u00a0\u00bb48835&Prime; media_width_percent=\u00a0\u00bb100&Prime;][\/vc_column_inner][vc_column_inner width=\u00a0\u00bb1\/6&Prime;][\/vc_column_inner][\/vc_row_inner][\/vc_column][vc_column column_width_percent=\u00a0\u00bb100&Prime; position_vertical=\u00a0\u00bbmiddle\u00a0\u00bb align_horizontal=\u00a0\u00bbalign_center\u00a0\u00bb override_padding=\u00a0\u00bbyes\u00a0\u00bb column_padding=\u00a0\u00bb0&Prime; overlay_alpha=\u00a0\u00bb50&Prime; gutter_size=\u00a0\u00bb3&Prime; medium_visibility=\u00a0\u00bbyes\u00a0\u00bb medium_width=\u00a0\u00bb0&Prime; mobile_visibility=\u00a0\u00bbyes\u00a0\u00bb shift_x=\u00a0\u00bb0&Prime; shift_y=\u00a0\u00bb0&Prime; z_index=\u00a0\u00bb0&Prime; width=\u00a0\u00bb2\/12&Prime;][vc_row_inner][vc_column_inner width=\u00a0\u00bb1\/3&Prime;][vc_single_image media=\u00a0\u00bb48461&Prime; media_width_percent=\u00a0\u00bb75&Prime; alignment=\u00a0\u00bbcenter\u00a0\u00bb media_link=\u00a0\u00bburl:http%3A%2F%2Fdesigninternational.uqam.ca%2F2019%2Fjos-boys%2F|title:Design%20international%202019||\u00a0\u00bb][\/vc_column_inner][vc_column_inner width=\u00a0\u00bb1\/3&Prime;][vc_single_image media=\u00a0\u00bb48750&Prime; media_width_percent=\u00a0\u00bb100&Prime; alignment=\u00a0\u00bbcenter\u00a0\u00bb media_link=\u00a0\u00bburl:http%3A%2F%2Fdesigninternational.uqam.ca%2F2019%2F|title:Accueil%202019||\u00a0\u00bb][\/vc_column_inner][vc_column_inner width=\u00a0\u00bb1\/3&Prime;][vc_single_image media=\u00a0\u00bb48458&Prime; media_width_percent=\u00a0\u00bb75&Prime; alignment=\u00a0\u00bbcenter\u00a0\u00bb media_link=\u00a0\u00bburl:http%3A%2F%2Fdesigninternational.uqam.ca%2F2019%2Fjos-boys%2Fjos-boys-01%2F|title:dafi%20k%C3%BChne||\u00a0\u00bb][\/vc_column_inner][\/vc_row_inner][\/vc_column][\/vc_row][vc_row row_height_percent=\u00a0\u00bb0&Prime; overlay_alpha=\u00a0\u00bb50&Prime; equal_height=\u00a0\u00bbyes\u00a0\u00bb gutter_size=\u00a0\u00bb3&Prime; shift_y=\u00a0\u00bb0&Prime;][vc_column width=\u00a0\u00bb1\/4&Prime;][vc_column_text]<span style=\"font-weight: 400;\">C\u2019est Maurice Cloutier qui ouvre le bal de l\u2019\u00e9dition 2019 de Design International. Cette tradition lanc\u00e9e 37 ans auparavant est un \u00e9v\u00e9nement important \u00e0 l\u2019\u00e9cole de design de l\u2019UQAM puisqu\u2019elle permet une rencontre et des \u00e9changes entre les membres de sa communaut\u00e9. Aujourd\u2019hui, chaque invit\u00e9 pr\u00e9sentera son travail, sa d\u00e9marche, son mode op\u00e9rationnel, ses pr\u00e9occupations, etc. \u00c0 la fin, les premi\u00e8res consignes seront donn\u00e9es pour les ateliers et la grande semaine de travail d\u00e9butera!<\/span>[\/vc_column_text][\/vc_column][vc_column width=\u00a0\u00bb1\/4&Prime;][\/vc_column][vc_column width=\u00a0\u00bb1\/2&Prime;][vc_gallery el_id=\u00a0\u00bbgallery-160756&Prime; type=\u00a0\u00bbcarousel\u00a0\u00bb medias=\u00a0\u00bb48861,48862,48863,48864,48865,48866&Prime; gallery_back_color=\u00a0\u00bbcolor-123572&Prime; carousel_lg=\u00a0\u00bb2&Prime; carousel_md=\u00a0\u00bb2&Prime; carousel_sm=\u00a0\u00bb1&Prime; thumb_size=\u00a0\u00bbtwo-three\u00a0\u00bb gutter_size=\u00a0\u00bb2&Prime; media_items=\u00a0\u00bb\u00a0\u00bb carousel_height=\u00a0\u00bbequal\u00a0\u00bb carousel_interval=\u00a0\u00bb0&Prime; carousel_navspeed=\u00a0\u00bb400&Prime; carousel_loop=\u00a0\u00bbyes\u00a0\u00bb carousel_dots=\u00a0\u00bbyes\u00a0\u00bb carousel_autoh=\u00a0\u00bbyes\u00a0\u00bb single_back_color=\u00a0\u00bbcolor-123572&Prime; single_overlay_color=\u00a0\u00bbcolor-123572&Prime; single_overlay_opacity=\u00a0\u00bb1&Prime; single_padding=\u00a0\u00bb0&Prime; single_border=\u00a0\u00bbyes\u00a0\u00bb][\/vc_column][\/vc_row][vc_row row_height_percent=\u00a0\u00bb0&Prime; overlay_alpha=\u00a0\u00bb50&Prime; equal_height=\u00a0\u00bbyes\u00a0\u00bb gutter_size=\u00a0\u00bb3&Prime; shift_y=\u00a0\u00bb0&Prime;][vc_column width=\u00a0\u00bb1\/4&Prime;][vc_column_text]<b>Dafi K\u00fchne<\/b><a id=\"dafi-kuhne\"><\/a><\/p>\n<p><span style=\"font-weight: 400;\">L\u2019invit\u00e9 de Judith Poirier, Dafi K\u00fchne donnera un atelier de letterpress \u00e0 l\u2019atelier du Mus\u00e9e de l\u2019imprimerie du Qu\u00e9bec. Sa d\u00e9marche est \u00e0 la fois exp\u00e9rimentale, rigoureuse et punk. Il combine des techniques analogiques et num\u00e9riques pour une conception contemporaine. Designer et enseignant, il poussera les \u00e9tudiant.e.s a concevoir une affiche portant un message clair et revendicateur. <\/span><\/p>\n<p><span style=\"font-weight: 400;\">Pour d\u00e9couvrir les secrets de ses m\u00e9thodes astucieuses, nous vous invitons \u00e0 aller visionner les \u00e9pisodes du <a href=\"https:\/\/vimeo.com\/channels\/printingshow\">Dafi K\u00fchne Printing Show<\/a>.<\/span>[\/vc_column_text][\/vc_column][vc_column width=\u00a0\u00bb1\/4&Prime;][\/vc_column][vc_column column_width_percent=\u00a0\u00bb100&Prime; expand_height=\u00a0\u00bbyes\u00a0\u00bb overlay_alpha=\u00a0\u00bb50&Prime; gutter_size=\u00a0\u00bb3&Prime; medium_width=\u00a0\u00bb0&Prime; shift_x=\u00a0\u00bb0&Prime; shift_y=\u00a0\u00bb0&Prime; z_index=\u00a0\u00bb0&Prime; width=\u00a0\u00bb1\/2&Prime;][vc_gallery el_id=\u00a0\u00bbgallery-786526&Prime; type=\u00a0\u00bbcarousel\u00a0\u00bb medias=\u00a0\u00bb48877,48907,48906,48904,48903,48902,48901,48900,48899,48898,48897,48896,48895,48894,48893,48892,48891,48890,48889,48888,48887,48886,48885,48884,48883,48882,48881,48880,48879,48878&Prime; carousel_lg=\u00a0\u00bb2&Prime; carousel_md=\u00a0\u00bb2&Prime; carousel_sm=\u00a0\u00bb1&Prime; thumb_size=\u00a0\u00bbtwo-three\u00a0\u00bb gutter_size=\u00a0\u00bb2&Prime; media_items=\u00a0\u00bbmedia|lightbox|original\u00a0\u00bb carousel_interval=\u00a0\u00bb0&Prime; carousel_navspeed=\u00a0\u00bb400&Prime; carousel_loop=\u00a0\u00bbyes\u00a0\u00bb carousel_dots=\u00a0\u00bbyes\u00a0\u00bb single_overlay_opacity=\u00a0\u00bb50&Prime; single_padding=\u00a0\u00bb2&Prime; single_border=\u00a0\u00bbyes\u00a0\u00bb][\/vc_column][\/vc_row][vc_row][vc_column width=\u00a0\u00bb1\/4&Prime;][vc_column_text]<b>Jacques Ferrier<\/b><a id=\"jacques-ferrier\"><\/a><\/p>\n<p><span style=\"font-weight: 400;\">Invit\u00e9 par Louise Pelletier, Jacques Ferrier travaille au sein d\u2019une \u00e9quipe pluridisciplinaire \u00e0 l\u2019agence Jacques Ferrier Architecture. Leurs projets tendent vers la cr\u00e9ation d\u2019environnements humanistes et durables par le biais de questionnements sur la relation qu\u2019ils entretiennent avec le monde physique et le rapport naturel\/artificiel. Cette semaine, les \u00e9tudiant.e.s s\u2019inspireront du climat extr\u00eame de leur ville, afin de donner naissance \u00e0 leur projet. Leurs r\u00e9flexions porteront sur la notion de seuil, d\u2019entre-deux et d\u2019architecture de la r\u00e9sonance. <\/span><\/p>\n<p><span style=\"font-weight: 400;\">Nous vous invitons \u00e0 consulter le livre qui servit de point de d\u00e9part lors de la cr\u00e9ation de l\u2019atelier, <\/span><i><span style=\"font-weight: 400;\">A History of Thresholds: Life, Death and Rebirth<\/span><\/i><span style=\"font-weight: 400;\"> par Jacques Ferrier, Pauline Marchetti, Philippe Simay et Estefania Mompean. <\/span>[\/vc_column_text][\/vc_column][vc_column width=\u00a0\u00bb1\/4&Prime;][\/vc_column][vc_column width=\u00a0\u00bb1\/2&Prime;][vc_gallery el_id=\u00a0\u00bbgallery-139572&Prime; type=\u00a0\u00bbcarousel\u00a0\u00bb medias=\u00a0\u00bb48913,48931,48930,48929,48928,48927,48926,48925,48924,48923,48922,48921,48920,48919,48918,48917,48916,48915,48914&Prime; carousel_lg=\u00a0\u00bb2&Prime; carousel_md=\u00a0\u00bb2&Prime; carousel_sm=\u00a0\u00bb1&Prime; thumb_size=\u00a0\u00bbtwo-three\u00a0\u00bb gutter_size=\u00a0\u00bb2&Prime; media_items=\u00a0\u00bbmedia|lightbox|original\u00a0\u00bb carousel_interval=\u00a0\u00bb0&Prime; carousel_navspeed=\u00a0\u00bb400&Prime; carousel_loop=\u00a0\u00bbyes\u00a0\u00bb carousel_dots=\u00a0\u00bbyes\u00a0\u00bb single_overlay_opacity=\u00a0\u00bb50&Prime; single_padding=\u00a0\u00bb2&Prime; single_border=\u00a0\u00bbyes\u00a0\u00bb][\/vc_column][\/vc_row][vc_row][vc_column width=\u00a0\u00bb1\/4&Prime;][vc_column_text]<b>Jos Boys <\/b><a id=\"jos-boys\"><\/a><\/p>\n<p><span style=\"font-weight: 400;\">L\u2019invit\u00e9 de Anne-Marie Broudehoux, Jos Boys a une pratique inclusive, f\u00e9ministe et intersectionnelle. Int\u00e9ress\u00e9e par la question du design des lieux d\u2019apprentissage et du design pour les personnes en situation de handicap, elle introduit sa pratique par le projet DisOrdinary Architectural Project qu\u2019elle m\u00e8ne au Royaume-Uni. Ce dernier remet en question la mani\u00e8re d\u2019int\u00e9grer les besoins des personnes en situation de handicap \u00e0 l\u2019architecture et l\u2019environnement. Critiquant les m\u00e9thodes restrictives et peu cr\u00e9atives employ\u00e9es aujourd\u2019hui et travaillant avec des alli\u00e9.e.s, elle d\u00e9construit les st\u00e9r\u00e9otypes et produit des environnements plus inclusifs. <\/span><\/p>\n<p><span style=\"font-weight: 400;\">Nous vous invitons \u00e0 aller explorer le <a href=\"http:\/\/disordinaryarchitecture.com\/wp\/projects\/\">DisOrdinary Architecture Project<\/a> ainsi que <a href=\"http:\/\/mapping-access.com\">Mapping Acces<\/a>, un second projet qu\u2019elle nous encourage \u00e0 d\u00e9couvrir.\u00a0<\/span>[\/vc_column_text][\/vc_column][vc_column width=\u00a0\u00bb1\/4&Prime;][\/vc_column][vc_column width=\u00a0\u00bb1\/2&Prime;][vc_gallery el_id=\u00a0\u00bbgallery-508674&Prime; type=\u00a0\u00bbcarousel\u00a0\u00bb medias=\u00a0\u00bb48971,48972,48973,48974,48975,48976,48977,48978,48979,48980,48981,48982,48983,48984,48985,48986,48987,48988&Prime; carousel_lg=\u00a0\u00bb2&Prime; carousel_md=\u00a0\u00bb2&Prime; carousel_sm=\u00a0\u00bb1&Prime; thumb_size=\u00a0\u00bbtwo-three\u00a0\u00bb gutter_size=\u00a0\u00bb2&Prime; media_items=\u00a0\u00bbmedia|lightbox|original\u00a0\u00bb carousel_interval=\u00a0\u00bb0&Prime; carousel_navspeed=\u00a0\u00bb400&Prime; carousel_loop=\u00a0\u00bbyes\u00a0\u00bb carousel_dots=\u00a0\u00bbyes\u00a0\u00bb single_overlay_opacity=\u00a0\u00bb50&Prime; single_padding=\u00a0\u00bb2&Prime; single_border=\u00a0\u00bbyes\u00a0\u00bb][\/vc_column][\/vc_row][vc_row][vc_column width=\u00a0\u00bb1\/4&Prime;][vc_column_text]<b>St\u00e9phane Halma\u00ef-Voisard<\/b><a id=\"stephane-halmai-voisard\"><\/a><\/p>\n<p><span style=\"font-weight: 400;\">St\u00e9phane Halma\u00ef-Voisard, invit\u00e9 par Adrien Rovero et ancien \u00e9tudiant du programme de design graphique \u00e0 l\u2019\u00c9cole de design de l\u2019UQAM, est co-fondateur du studio Terrazzo Project et enseignant en design industriel \u00e0 l\u2019ECAL. Cette semaine, il initiera les \u00e9tudiant.e.s au rotomoulage du chocolat. <\/span><\/p>\n<p><span style=\"font-weight: 400;\">Nous vous invitons \u00e0 aller d\u00e9couvrir son studio <a href=\"http:\/\/terrazzoproject.com\/\">Terrazzo Project<\/a> ainsi que les <a href=\"https:\/\/vimeo.com\/ecal\">projets<\/a> men\u00e9s par les \u00e9tudiant.e.s en design industriel \u00e0 l\u2019ECAL.\u00a0<\/span>[\/vc_column_text][\/vc_column][vc_column width=\u00a0\u00bb1\/4&Prime;][\/vc_column][vc_column width=\u00a0\u00bb1\/2&Prime;][vc_gallery el_id=\u00a0\u00bbgallery-606956&Prime; type=\u00a0\u00bbcarousel\u00a0\u00bb medias=\u00a0\u00bb49012,49030,49029,49028,49027,49026,49025,49024,49023,49022,49021,49020,49019,49018,49017,49016,49015,49014,49013&Prime; carousel_lg=\u00a0\u00bb2&Prime; carousel_md=\u00a0\u00bb2&Prime; carousel_sm=\u00a0\u00bb1&Prime; thumb_size=\u00a0\u00bbtwo-three\u00a0\u00bb gutter_size=\u00a0\u00bb2&Prime; media_items=\u00a0\u00bbmedia|lightbox|original\u00a0\u00bb carousel_interval=\u00a0\u00bb0&Prime; carousel_navspeed=\u00a0\u00bb400&Prime; carousel_loop=\u00a0\u00bbyes\u00a0\u00bb carousel_dots=\u00a0\u00bbyes\u00a0\u00bb single_overlay_opacity=\u00a0\u00bb50&Prime; single_padding=\u00a0\u00bb2&Prime; single_border=\u00a0\u00bbyes\u00a0\u00bb][\/vc_column][\/vc_row][vc_row][vc_column width=\u00a0\u00bb1\/4&Prime;][vc_column_text]<b>Gilles Marty<\/b><a id=\"gilles-marty\"><\/a><\/p>\n<p><span style=\"font-weight: 400;\">L\u2019invit\u00e9 de Maurice Cloutier et Carlo Carbone, Gilles Marty, est sp\u00e9cialis\u00e9 dans l&rsquo;am\u00e9nagement des lieux historiques et arch\u00e9ologiques ainsi que de grands sites naturels, class\u00e9s au patrimoine de l&rsquo;UNESCO. Utilisant l\u2019architecture comme m\u00e9taphore, il s\u2019inscrit dans une d\u00e9marche z\u00e9ro d\u00e9chet fusionnant architecture, site et paysage. \u00a0<\/span><\/p>\n<p><span style=\"font-weight: 400;\">Nous vous invitons \u00e0 aller d\u00e9couvrir ses <a href=\"https:\/\/www.inca-architectes.com\/projets-inca-architectes-grenoble\/\">projets<\/a>.\u00a0<\/span>[\/vc_column_text][\/vc_column][vc_column width=\u00a0\u00bb1\/4&Prime;][\/vc_column][vc_column width=\u00a0\u00bb1\/2&Prime;][vc_gallery el_id=\u00a0\u00bbgallery-694927&Prime; type=\u00a0\u00bbcarousel\u00a0\u00bb medias=\u00a0\u00bb49033,49034,49035,49036,49037,49038,49039,49040,49041,49042,49043,49044,49045,49046&Prime; carousel_lg=\u00a0\u00bb2&Prime; carousel_md=\u00a0\u00bb2&Prime; carousel_sm=\u00a0\u00bb1&Prime; thumb_size=\u00a0\u00bbtwo-three\u00a0\u00bb gutter_size=\u00a0\u00bb2&Prime; media_items=\u00a0\u00bbmedia|lightbox|original\u00a0\u00bb carousel_interval=\u00a0\u00bb0&Prime; carousel_navspeed=\u00a0\u00bb400&Prime; carousel_loop=\u00a0\u00bbyes\u00a0\u00bb carousel_dots=\u00a0\u00bbyes\u00a0\u00bb single_overlay_opacity=\u00a0\u00bb50&Prime; single_padding=\u00a0\u00bb2&Prime; single_border=\u00a0\u00bbyes\u00a0\u00bb][\/vc_column][\/vc_row][vc_row][vc_column width=\u00a0\u00bb1\/4&Prime;][vc_column_text]<b>Julia van den Hout &amp; Kyle May <\/b><a id=\"julia-van-den-hout-kyle-may\"><\/a><\/p>\n<p><span style=\"font-weight: 400;\">Invit\u00e9s par Louis-Charles Lasnier, Julia van den Hout et Kyle May sont cofondateurs du magazine CLOG. Par une position \u00e9ditoriale neutre, CLOG explore, \u00e0 partir de plusieurs points de vue et diverses disciplines, un seul sujet d\u2019actualit\u00e9 par num\u00e9ro, le but \u00e9tant de ralentir la quantit\u00e9 d\u2019information et de raffiner la qualit\u00e9 de cette derni\u00e8re. <\/span><\/p>\n<p><span style=\"font-weight: 400;\">Nous vous invitons \u00e0 aller voir le site web du <a href=\"http:\/\/www.clog-online.com\/\">magazine<\/a>, ainsi que la pratique respective de <a href=\"http:\/\/juliavandenhout.com\/\">Julia<\/a> et de <a href=\"http:\/\/kylemayarchitect.com\/people\/\">Kyle<\/a>. <\/span>[\/vc_column_text][\/vc_column][vc_column width=\u00a0\u00bb1\/4&Prime;][\/vc_column][vc_column width=\u00a0\u00bb1\/2&Prime;][vc_gallery el_id=\u00a0\u00bbgallery-878631&Prime; type=\u00a0\u00bbcarousel\u00a0\u00bb medias=\u00a0\u00bb49078,49079,49080,49081,49082,49083,49084,49085,49086,49087,49088,49089,49090,49091,49092,49093,49094,49095&Prime; carousel_lg=\u00a0\u00bb2&Prime; carousel_md=\u00a0\u00bb2&Prime; carousel_sm=\u00a0\u00bb1&Prime; thumb_size=\u00a0\u00bbtwo-three\u00a0\u00bb gutter_size=\u00a0\u00bb2&Prime; media_items=\u00a0\u00bbmedia|lightbox|original\u00a0\u00bb carousel_interval=\u00a0\u00bb0&Prime; carousel_navspeed=\u00a0\u00bb400&Prime; carousel_loop=\u00a0\u00bbyes\u00a0\u00bb carousel_dots=\u00a0\u00bbyes\u00a0\u00bb single_overlay_opacity=\u00a0\u00bb50&Prime; single_padding=\u00a0\u00bb2&Prime; single_border=\u00a0\u00bbyes\u00a0\u00bb][\/vc_column][\/vc_row][vc_row row_height_percent=\u00a0\u00bb0&Prime; overlay_alpha=\u00a0\u00bb50&Prime; equal_height=\u00a0\u00bbyes\u00a0\u00bb gutter_size=\u00a0\u00bb0&Prime; desktop_visibility=\u00a0\u00bbyes\u00a0\u00bb shift_y=\u00a0\u00bb0&Prime;][vc_column column_width_percent=\u00a0\u00bb100&Prime; position_vertical=\u00a0\u00bbmiddle\u00a0\u00bb align_horizontal=\u00a0\u00bbalign_center\u00a0\u00bb expand_height=\u00a0\u00bbyes\u00a0\u00bb overlay_alpha=\u00a0\u00bb50&Prime; gutter_size=\u00a0\u00bb3&Prime; desktop_visibility=\u00a0\u00bbyes\u00a0\u00bb align_medium=\u00a0\u00bbalign_center_tablet\u00a0\u00bb medium_width=\u00a0\u00bb0&Prime; align_mobile=\u00a0\u00bbalign_center_mobile\u00a0\u00bb shift_x=\u00a0\u00bb0&Prime; shift_y=\u00a0\u00bb0&Prime; z_index=\u00a0\u00bb0&Prime; width=\u00a0\u00bb1\/1&Prime;][vc_column_text]<a href=\"http:\/\/designinternational.uqam.ca\/2019\/jos-boys\"><img decoding=\"async\" class=\"alignnone wp-image-49287\" src=\"http:\/\/designinternational.uqam.ca\/2019\/wp-content\/uploads\/sites\/8\/2019\/05\/fl\u00e8chepr\u00e9c\u00e9dent.png\" alt=\"\" width=\"42\" height=\"65\" \/><\/a><a href=\"http:\/\/designinternational.uqam.ca\/2019\/\"><img decoding=\"async\" class=\"alignnone wp-image-48750\" src=\"http:\/\/designinternational.uqam.ca\/2019\/wp-content\/uploads\/sites\/8\/2019\/05\/Home.png\" alt=\"\" width=\"61\" height=\"65\" \/><\/a><a href=\"http:\/\/designinternational.uqam.ca\/2019\/jos-boys-01\"><img decoding=\"async\" class=\"alignnone wp-image-49285\" src=\"http:\/\/designinternational.uqam.ca\/2019\/wp-content\/uploads\/sites\/8\/2019\/05\/fl\u00e8chesuivant.png\" alt=\"\" width=\"42\" height=\"65\" \/><\/a>[\/vc_column_text][\/vc_column][\/vc_row]<\/p>\n<\/div>","protected":false},"excerpt":{"rendered":"<p>[vc_row row_height_percent=\u00a0\u00bb0&Prime; overlay_alpha=\u00a0\u00bb50&Prime; gutter_size=\u00a0\u00bb3&Prime; shift_y=\u00a0\u00bb0&Prime;][vc_column width=\u00a0\u00bb10\/12&Prime;][vc_row_inner][vc_column_inner width=\u00a0\u00bb5\/6&Prime;][vc_single_image media=\u00a0\u00bb48835&Prime; media_width_percent=\u00a0\u00bb100&Prime;][\/vc_column_inner][vc_column_inner width=\u00a0\u00bb1\/6&Prime;][\/vc_column_inner][\/vc_row_inner][\/vc_column][vc_column column_width_percent=\u00a0\u00bb100&Prime; position_vertical=\u00a0\u00bbmiddle\u00a0\u00bb align_horizontal=\u00a0\u00bbalign_center\u00a0\u00bb override_padding=\u00a0\u00bbyes\u00a0\u00bb column_padding=\u00a0\u00bb0&Prime; overlay_alpha=\u00a0\u00bb50&Prime; gutter_size=\u00a0\u00bb3&Prime; medium_visibility=\u00a0\u00bbyes\u00a0\u00bb medium_width=\u00a0\u00bb0&Prime; mobile_visibility=\u00a0\u00bbyes\u00a0\u00bb [&hellip;]<\/p>\n","protected":false},"author":6,"featured_media":0,"parent":48724,"menu_order":0,"comment_status":"closed","ping_status":"closed","template":"","meta":{"footnotes":""},"class_list":["post-49140","page","type-page","status-publish","hentry","page_category-jos-boys"],"_links":{"self":[{"href":"https:\/\/designinternational.uqam.ca\/2019\/wp-json\/wp\/v2\/pages\/49140","targetHints":{"allow":["GET"]}}],"collection":[{"href":"https:\/\/designinternational.uqam.ca\/2019\/wp-json\/wp\/v2\/pages"}],"about":[{"href":"https:\/\/designinternational.uqam.ca\/2019\/wp-json\/wp\/v2\/types\/page"}],"author":[{"embeddable":true,"href":"https:\/\/designinternational.uqam.ca\/2019\/wp-json\/wp\/v2\/users\/6"}],"replies":[{"embeddable":true,"href":"https:\/\/designinternational.uqam.ca\/2019\/wp-json\/wp\/v2\/comments?post=49140"}],"version-history":[{"count":2,"href":"https:\/\/designinternational.uqam.ca\/2019\/wp-json\/wp\/v2\/pages\/49140\/revisions"}],"predecessor-version":[{"id":49314,"href":"https:\/\/designinternational.uqam.ca\/2019\/wp-json\/wp\/v2\/pages\/49140\/revisions\/49314"}],"up":[{"embeddable":true,"href":"https:\/\/designinternational.uqam.ca\/2019\/wp-json\/wp\/v2\/pages\/48724"}],"wp:attachment":[{"href":"https:\/\/designinternational.uqam.ca\/2019\/wp-json\/wp\/v2\/media?parent=49140"}],"curies":[{"name":"wp","href":"https:\/\/api.w.org\/{rel}","templated":true}]}}