{"id":48748,"date":"2019-05-14T23:16:40","date_gmt":"2019-05-14T22:16:40","guid":{"rendered":"http:\/\/designinternational.uqam.ca\/2019\/?page_id=48748"},"modified":"2019-05-17T19:30:24","modified_gmt":"2019-05-17T18:30:24","slug":"julia-van-den-hout-kyle-may","status":"publish","type":"page","link":"https:\/\/designinternational.uqam.ca\/2019\/julia-van-den-hout-kyle-may\/","title":{"rendered":"Julia van den Hout &amp; Kyle May"},"content":{"rendered":"<div class=\"wpb-content-wrapper\"><p>[vc_row unlock_row_content=\u00a0\u00bbyes\u00a0\u00bb row_height_percent=\u00a0\u00bb100&Prime; override_padding=\u00a0\u00bbyes\u00a0\u00bb h_padding=\u00a0\u00bb0&Prime; top_padding=\u00a0\u00bb0&Prime; bottom_padding=\u00a0\u00bb0&Prime; back_color=\u00a0\u00bbcolor-355140&Prime; overlay_alpha=\u00a0\u00bb50&Prime; equal_height=\u00a0\u00bbyes\u00a0\u00bb gutter_size=\u00a0\u00bb0&Prime; shift_y=\u00a0\u00bb0&Prime;][vc_column column_width_percent=\u00a0\u00bb100&Prime; expand_height=\u00a0\u00bbyes\u00a0\u00bb override_padding=\u00a0\u00bbyes\u00a0\u00bb column_padding=\u00a0\u00bb0&Prime; overlay_alpha=\u00a0\u00bb50&Prime; gutter_size=\u00a0\u00bb2&Prime; border_color=\u00a0\u00bbcolor-jevc\u00a0\u00bb border_style=\u00a0\u00bbsolid\u00a0\u00bb medium_width=\u00a0\u00bb0&Prime; shift_x=\u00a0\u00bb0&Prime; shift_y=\u00a0\u00bb0&Prime; z_index=\u00a0\u00bb0&Prime; width=\u00a0\u00bb1\/12&Prime; css=\u00a0\u00bb.vc_custom_1557928946868{border-top-width: 1px !important;border-right-width: 0px !important;border-bottom-width: 1px !important;border-left-width: 1px !important;padding-top: 15px !important;padding-bottom: 15px !important;padding-left: 15px !important;}\u00a0\u00bb link_to=\u00a0\u00bburl:http%3A%2F%2Fdesigninternational.uqam.ca%2F2019%2Fdafi-kuhne%2F|||\u00a0\u00bb][vc_custom_heading heading_semantic=\u00a0\u00bbh3&Prime; text_size=\u00a0\u00bbh3&Prime; text_height=\u00a0\u00bbfontheight-200749&Prime; text_weight=\u00a0\u00bb500&Prime;]<a href=\"http:\/\/designinternational.uqam.ca\/2019\/dafi-kuhne\/\"><span style=\"font-size: 12pt\">Dafi<\/span><\/a><br \/>\n<a href=\"http:\/\/designinternational.uqam.ca\/2019\/dafi-kuhne\/\"><span style=\"font-size: 12pt\">K\u00fchne<\/span><\/a>[\/vc_custom_heading][\/vc_column][vc_column column_width_percent=\u00a0\u00bb100&Prime; expand_height=\u00a0\u00bbyes\u00a0\u00bb override_padding=\u00a0\u00bbyes\u00a0\u00bb column_padding=\u00a0\u00bb0&Prime; overlay_alpha=\u00a0\u00bb50&Prime; gutter_size=\u00a0\u00bb3&Prime; border_color=\u00a0\u00bbcolor-jevc\u00a0\u00bb border_style=\u00a0\u00bbsolid\u00a0\u00bb medium_width=\u00a0\u00bb0&Prime; shift_x=\u00a0\u00bb0&Prime; shift_y=\u00a0\u00bb0&Prime; z_index=\u00a0\u00bb0&Prime; width=\u00a0\u00bb1\/12&Prime; css=\u00a0\u00bb.vc_custom_1557928952515{border-top-width: 1px !important;border-right-width: 0px !important;border-bottom-width: 1px !important;border-left-width: 1px !important;padding-top: 15px !important;padding-bottom: 15px !important;padding-left: 15px !important;}\u00a0\u00bb link_to=\u00a0\u00bburl:http%3A%2F%2Fdesigninternational.uqam.ca%2F2019%2Fjacques-ferrier%2F|||\u00a0\u00bb][vc_custom_heading heading_semantic=\u00a0\u00bbh3&Prime; text_size=\u00a0\u00bbh3&Prime; text_height=\u00a0\u00bbfontheight-200749&Prime; text_weight=\u00a0\u00bb500&Prime;]<a href=\"http:\/\/designinternational.uqam.ca\/2019\/jacques-ferrier\/\"><span style=\"font-size: 12pt\">Jacques<\/span><\/a><br \/>\n<a href=\"http:\/\/designinternational.uqam.ca\/2019\/jacques-ferrier\/\"><span style=\"font-size: 12pt\">Ferrier<\/span><\/a>[\/vc_custom_heading][\/vc_column][vc_column column_width_percent=\u00a0\u00bb100&Prime; override_padding=\u00a0\u00bbyes\u00a0\u00bb column_padding=\u00a0\u00bb0&Prime; overlay_alpha=\u00a0\u00bb50&Prime; gutter_size=\u00a0\u00bb3&Prime; border_color=\u00a0\u00bbcolor-jevc\u00a0\u00bb border_style=\u00a0\u00bbsolid\u00a0\u00bb medium_width=\u00a0\u00bb0&Prime; shift_x=\u00a0\u00bb0&Prime; shift_y=\u00a0\u00bb0&Prime; z_index=\u00a0\u00bb0&Prime; width=\u00a0\u00bb1\/12&Prime; css=\u00a0\u00bb.vc_custom_1557928958353{border-top-width: 1px !important;border-right-width: 0px !important;border-bottom-width: 1px !important;border-left-width: 1px !important;padding-top: 15px !important;padding-bottom: 15px !important;padding-left: 15px !important;}\u00a0\u00bb link_to=\u00a0\u00bburl:http%3A%2F%2Fdesigninternational.uqam.ca%2F2019%2Fjos-boys%2F|||\u00a0\u00bb][vc_custom_heading heading_semantic=\u00a0\u00bbh3&Prime; text_size=\u00a0\u00bbh3&Prime; text_height=\u00a0\u00bbfontheight-200749&Prime; text_weight=\u00a0\u00bb500&Prime;]<a href=\"http:\/\/designinternational.uqam.ca\/2019\/jos-boys\/\"><span style=\"font-size: 12pt\">Jos<\/span><\/a><br \/>\n<a href=\"http:\/\/designinternational.uqam.ca\/2019\/jos-boys\/\"><span style=\"font-size: 12pt\">Boys<\/span><\/a>[\/vc_custom_heading][\/vc_column][vc_column column_width_percent=\u00a0\u00bb100&Prime; override_padding=\u00a0\u00bbyes\u00a0\u00bb column_padding=\u00a0\u00bb0&Prime; overlay_alpha=\u00a0\u00bb50&Prime; gutter_size=\u00a0\u00bb3&Prime; border_color=\u00a0\u00bbcolor-jevc\u00a0\u00bb border_style=\u00a0\u00bbsolid\u00a0\u00bb medium_width=\u00a0\u00bb0&Prime; shift_x=\u00a0\u00bb0&Prime; shift_y=\u00a0\u00bb0&Prime; z_index=\u00a0\u00bb0&Prime; width=\u00a0\u00bb1\/12&Prime; css=\u00a0\u00bb.vc_custom_1557928963898{border-top-width: 1px !important;border-right-width: 0px !important;border-bottom-width: 1px !important;border-left-width: 1px !important;padding-top: 15px !important;padding-bottom: 15px !important;padding-left: 15px !important;}\u00a0\u00bb link_to=\u00a0\u00bburl:http%3A%2F%2Fdesigninternational.uqam.ca%2F2019%2Fstephane-halmai-voisard%2F|||\u00a0\u00bb][vc_custom_heading heading_semantic=\u00a0\u00bbh3&Prime; text_size=\u00a0\u00bbh3&Prime; text_height=\u00a0\u00bbfontheight-200749&Prime; text_weight=\u00a0\u00bb500&Prime;]<a href=\"http:\/\/designinternational.uqam.ca\/2019\/stephane-halmai-voisard\/\"><span style=\"font-size: 12pt\">St\u00e9phane<\/span><\/a><br \/>\n<a href=\"http:\/\/designinternational.uqam.ca\/2019\/stephane-halmai-voisard\/\"><span style=\"font-size: 12pt\">Halma\u00ef-<\/span><\/a><br \/>\n<a href=\"http:\/\/designinternational.uqam.ca\/2019\/stephane-halmai-voisard\/\"><span style=\"font-size: 12pt\">Voisard<\/span><\/a>[\/vc_custom_heading][\/vc_column][vc_column column_width_percent=\u00a0\u00bb100&Prime; override_padding=\u00a0\u00bbyes\u00a0\u00bb column_padding=\u00a0\u00bb0&Prime; overlay_alpha=\u00a0\u00bb50&Prime; gutter_size=\u00a0\u00bb3&Prime; border_color=\u00a0\u00bbcolor-jevc\u00a0\u00bb border_style=\u00a0\u00bbsolid\u00a0\u00bb medium_width=\u00a0\u00bb0&Prime; shift_x=\u00a0\u00bb0&Prime; shift_y=\u00a0\u00bb0&Prime; z_index=\u00a0\u00bb0&Prime; width=\u00a0\u00bb1\/12&Prime; css=\u00a0\u00bb.vc_custom_1557928970884{border-top-width: 1px !important;border-right-width: 0px !important;border-bottom-width: 1px !important;border-left-width: 1px !important;padding-top: 15px !important;padding-bottom: 15px !important;padding-left: 15px !important;}\u00a0\u00bb link_to=\u00a0\u00bburl:http%3A%2F%2Fdesigninternational.uqam.ca%2F2019%2Fgilles-marty%2F|title:Gilles%20Marty||\u00a0\u00bb][vc_custom_heading heading_semantic=\u00a0\u00bbh3&Prime; text_size=\u00a0\u00bbh3&Prime; text_height=\u00a0\u00bbfontheight-200749&Prime; text_weight=\u00a0\u00bb500&Prime;]<a href=\"http:\/\/designinternational.uqam.ca\/2019\/gilles-marty\/\"><span style=\"font-size: 12pt\">Gilles<\/span><\/a><br \/>\n<a href=\"http:\/\/designinternational.uqam.ca\/2019\/gilles-marty\/\"><span style=\"font-size: 12pt\">Marty<\/span><\/a>[\/vc_custom_heading][\/vc_column][vc_column column_width_percent=\u00a0\u00bb100&Prime; override_padding=\u00a0\u00bbyes\u00a0\u00bb column_padding=\u00a0\u00bb0&Prime; overlay_alpha=\u00a0\u00bb50&Prime; gutter_size=\u00a0\u00bb3&Prime; border_color=\u00a0\u00bbcolor-jevc\u00a0\u00bb border_style=\u00a0\u00bbsolid\u00a0\u00bb medium_width=\u00a0\u00bb0&Prime; shift_x=\u00a0\u00bb0&Prime; shift_y=\u00a0\u00bb0&Prime; z_index=\u00a0\u00bb0&Prime; width=\u00a0\u00bb7\/12&Prime; css=\u00a0\u00bb.vc_custom_1557866224873{border-top-width: 1px !important;border-right-width: 1px !important;border-bottom-width: 1px !important;border-left-width: 1px !important;padding-top: 15px !important;padding-left: 15px !important;}\u00a0\u00bb][vc_custom_heading heading_semantic=\u00a0\u00bbh3&Prime; text_size=\u00a0\u00bbh3&Prime; text_height=\u00a0\u00bbfontheight-200749&Prime; text_weight=\u00a0\u00bb500&Prime; css_animation=\u00a0\u00bbright-t-left\u00a0\u00bb animation_speed=\u00a0\u00bb1000&Prime; animation_delay=\u00a0\u00bb100&Prime;]<span style=\"font-size: 12pt\">Julia<\/span><br \/>\n<span style=\"font-size: 12pt\">van den<\/span><br \/>\n<span style=\"font-size: 12pt\">Hout<\/span><\/p>\n<p>&nbsp;<\/p>\n<p><span style=\"font-size: 12pt\">Kyle\u00a0<\/span><span style=\"font-size: 12pt\">May<\/span>[\/vc_custom_heading][vc_row_inner][vc_column_inner column_width_percent=\u00a0\u00bb100&Prime; gutter_size=\u00a0\u00bb2&Prime; overlay_alpha=\u00a0\u00bb50&Prime; medium_width=\u00a0\u00bb0&Prime; shift_x=\u00a0\u00bb0&Prime; shift_y=\u00a0\u00bb0&Prime; z_index=\u00a0\u00bb0&Prime; width=\u00a0\u00bb2\/3&Prime;][vc_column_text]COMMISSAIRES &amp; \u00c9DITEURS<br \/>\nINVIT\u00c9S DE LOUIS-CHARLES LASNIER[\/vc_column_text][vc_column_text]Julia est la fondatrice et commissaire du bureau Original Copy, et co-fondatrice et \u00e9ditrice de CLOG.\u00a0Kyle est co-fondateur et \u00e9diteur-en-chef de CLOG et directeur de Kyle May Architect, Brooklyn.<\/p>\n<p>En utilisant les base cr\u00e9atives qui font de CLOG une publication reconnue mondialement, ils proposent d\u2019explorer la notion de \u2018sub-text\u2019, de regarder le monde autour de nous pour r\u00e9v\u00e9ler les histoires voil\u00e9es \u00e0 travers le r\u00e9cit, la mise en r\u00e9seau, l\u2019\u00e9dition, le design d\u2019exposition et le design d\u2019information. L\u2019atelier est con\u00e7u pour les \u00e9tudiant(e)s du programme de design graphique mais b\u00e9n\u00e9ficierait de l\u2019apport des \u00e9tudiant(e)s issu(e)s des autres programmes de l\u2019\u00c9cole de design.[\/vc_column_text][vc_column_text]<a href=\"http:\/\/www.clog-online.com\/information\" target=\"_blank\" rel=\"nofollow noopener noreferrer\" data-lynx-mode=\"hover\" data-lynx-uri=\"https:\/\/l.messenger.com\/l.php?u=http%3A%2F%2Fwww.clog-online.com%2Finformation&amp;h=AT3Bre6DVp_ZEMgs31l5d5OshVzNHaH4rBccEOj1wDIyyf_h1ksvjAdl-eSyBDz43W2W6E-7Kjuulfo_oO6YitILLNnBlBeaTXIZDvokhHH1L22vq-CA48_Qz0WNx0QiWWAz5WAd\">clog-online.com<\/a>[\/vc_column_text][vc_column_text]<\/p>\n<h5 style=\"text-align: left\"><a href=\"http:\/\/designinternational.uqam.ca\/2019\/julia-van-den-hout-kyle-may\/julia-van-den-hout-kyle-may-00#julia-kyle\">00<\/a> &#8211; <a href=\"http:\/\/designinternational.uqam.ca\/2019\/julia-van-den-hout-kyle-may\/julia-van-den-hout-kyle-may-01\">01<\/a> &#8211; <a href=\"http:\/\/designinternational.uqam.ca\/2019\/julia-van-den-hout-kyle-may\/julia-van-den-hout-kyle-may-02\/\">02<\/a> &#8211; <a href=\"http:\/\/designinternational.uqam.ca\/2019\/julia-van-den-hout-kyle-may\/julia-van-den-hout-kyle-may-03\/\">03<\/a> &#8211; <a href=\"http:\/\/designinternational.uqam.ca\/2019\/julia-van-den-hout-kyle-may\/julia-van-den-hout-kyle-may-04\/\">04<\/a> &#8211; <a href=\"http:\/\/designinternational.uqam.ca\/2019\/julia-van-den-hout-kyle-may\/julia-van-den-hout-kyle-may-05\/\">05<\/a> &#8211; <a href=\"http:\/\/designinternational.uqam.ca\/2019\/julia-van-den-hout-kyle-may\/julia-van-den-hout-kyle-may-06\/\">06<\/a> &#8211; <a href=\"http:\/\/designinternational.uqam.ca\/2019\/julia-van-den-hout-kyle-may\/julia-van-den-hout-kyle-may-07\/\">07<\/a> &#8211; <a href=\"http:\/\/designinternational.uqam.ca\/2019\"><img decoding=\"async\" class=\"alignnone wp-image-48750\" src=\"http:\/\/designinternational.uqam.ca\/2019\/wp-content\/uploads\/sites\/8\/2019\/05\/Home.png\" alt=\"\" width=\"15\" height=\"16\" srcset=\"https:\/\/designinternational.uqam.ca\/2019\/wp-content\/uploads\/sites\/8\/2019\/05\/Home.png 185w, https:\/\/designinternational.uqam.ca\/2019\/wp-content\/uploads\/sites\/8\/2019\/05\/Home-150x150.png 150w\" sizes=\"(max-width: 15px) 100vw, 15px\" \/><\/a><\/h5>\n<p>[\/vc_column_text][\/vc_column_inner][vc_column_inner width=\u00a0\u00bb1\/3&Prime;][\/vc_column_inner][\/vc_row_inner][\/vc_column][\/vc_row]<\/p>\n<\/div>","protected":false},"excerpt":{"rendered":"<p>[vc_row unlock_row_content=\u00a0\u00bbyes\u00a0\u00bb row_height_percent=\u00a0\u00bb100&Prime; override_padding=\u00a0\u00bbyes\u00a0\u00bb h_padding=\u00a0\u00bb0&Prime; top_padding=\u00a0\u00bb0&Prime; bottom_padding=\u00a0\u00bb0&Prime; back_color=\u00a0\u00bbcolor-355140&Prime; overlay_alpha=\u00a0\u00bb50&Prime; equal_height=\u00a0\u00bbyes\u00a0\u00bb gutter_size=\u00a0\u00bb0&Prime; shift_y=\u00a0\u00bb0&Prime;][vc_column column_width_percent=\u00a0\u00bb100&Prime; expand_height=\u00a0\u00bbyes\u00a0\u00bb override_padding=\u00a0\u00bbyes\u00a0\u00bb column_padding=\u00a0\u00bb0&Prime; overlay_alpha=\u00a0\u00bb50&Prime; gutter_size=\u00a0\u00bb2&Prime; border_color=\u00a0\u00bbcolor-jevc\u00a0\u00bb border_style=\u00a0\u00bbsolid\u00a0\u00bb [&hellip;]<\/p>\n","protected":false},"author":6,"featured_media":0,"parent":0,"menu_order":0,"comment_status":"closed","ping_status":"closed","template":"","meta":{"footnotes":""},"class_list":["post-48748","page","type-page","status-publish","hentry","page_category-julia-van-den-hout-kyle-may"],"_links":{"self":[{"href":"https:\/\/designinternational.uqam.ca\/2019\/wp-json\/wp\/v2\/pages\/48748","targetHints":{"allow":["GET"]}}],"collection":[{"href":"https:\/\/designinternational.uqam.ca\/2019\/wp-json\/wp\/v2\/pages"}],"about":[{"href":"https:\/\/designinternational.uqam.ca\/2019\/wp-json\/wp\/v2\/types\/page"}],"author":[{"embeddable":true,"href":"https:\/\/designinternational.uqam.ca\/2019\/wp-json\/wp\/v2\/users\/6"}],"replies":[{"embeddable":true,"href":"https:\/\/designinternational.uqam.ca\/2019\/wp-json\/wp\/v2\/comments?post=48748"}],"version-history":[{"count":14,"href":"https:\/\/designinternational.uqam.ca\/2019\/wp-json\/wp\/v2\/pages\/48748\/revisions"}],"predecessor-version":[{"id":49510,"href":"https:\/\/designinternational.uqam.ca\/2019\/wp-json\/wp\/v2\/pages\/48748\/revisions\/49510"}],"wp:attachment":[{"href":"https:\/\/designinternational.uqam.ca\/2019\/wp-json\/wp\/v2\/media?parent=48748"}],"curies":[{"name":"wp","href":"https:\/\/api.w.org\/{rel}","templated":true}]}}