{"id":48735,"date":"2019-05-14T23:06:02","date_gmt":"2019-05-14T22:06:02","guid":{"rendered":"http:\/\/designinternational.uqam.ca\/2019\/?page_id=48735"},"modified":"2019-05-19T16:45:31","modified_gmt":"2019-05-19T15:45:31","slug":"gilles-marty","status":"publish","type":"page","link":"https:\/\/designinternational.uqam.ca\/2019\/gilles-marty\/","title":{"rendered":"Gilles Marty"},"content":{"rendered":"<div class=\"wpb-content-wrapper\"><p>[vc_row unlock_row_content=\u00a0\u00bbyes\u00a0\u00bb row_height_percent=\u00a0\u00bb100&Prime; override_padding=\u00a0\u00bbyes\u00a0\u00bb h_padding=\u00a0\u00bb0&Prime; top_padding=\u00a0\u00bb0&Prime; bottom_padding=\u00a0\u00bb0&Prime; back_color=\u00a0\u00bbcolor-355140&Prime; overlay_alpha=\u00a0\u00bb50&Prime; equal_height=\u00a0\u00bbyes\u00a0\u00bb gutter_size=\u00a0\u00bb0&Prime; shift_y=\u00a0\u00bb0&Prime;][vc_column column_width_percent=\u00a0\u00bb100&Prime; expand_height=\u00a0\u00bbyes\u00a0\u00bb override_padding=\u00a0\u00bbyes\u00a0\u00bb column_padding=\u00a0\u00bb0&Prime; overlay_alpha=\u00a0\u00bb50&Prime; gutter_size=\u00a0\u00bb2&Prime; border_color=\u00a0\u00bbcolor-jevc\u00a0\u00bb border_style=\u00a0\u00bbsolid\u00a0\u00bb medium_width=\u00a0\u00bb0&Prime; shift_x=\u00a0\u00bb0&Prime; shift_y=\u00a0\u00bb0&Prime; z_index=\u00a0\u00bb0&Prime; width=\u00a0\u00bb1\/12&Prime; css=\u00a0\u00bb.vc_custom_1557928530175{border-top-width: 1px !important;border-right-width: 0px !important;border-bottom-width: 1px !important;border-left-width: 1px !important;padding-top: 15px !important;padding-bottom: 15px !important;padding-left: 15px !important;}\u00a0\u00bb link_to=\u00a0\u00bburl:http%3A%2F%2Fdesigninternational.uqam.ca%2F2019%2Fdafi-kuhne%2F|||\u00a0\u00bb][vc_custom_heading heading_semantic=\u00a0\u00bbh3&Prime; text_size=\u00a0\u00bbh3&Prime; text_height=\u00a0\u00bbfontheight-200749&Prime; text_weight=\u00a0\u00bb500&Prime;]<a href=\"http:\/\/designinternational.uqam.ca\/2019\/dafi-kuhne\/\"><span style=\"font-size: 12pt;\">Dafi<\/span><\/a><br \/>\n<a href=\"http:\/\/designinternational.uqam.ca\/2019\/dafi-kuhne\/\"><span style=\"font-size: 12pt;\">K\u00fchne<\/span><\/a>[\/vc_custom_heading][\/vc_column][vc_column column_width_percent=\u00a0\u00bb100&Prime; expand_height=\u00a0\u00bbyes\u00a0\u00bb override_padding=\u00a0\u00bbyes\u00a0\u00bb column_padding=\u00a0\u00bb0&Prime; overlay_alpha=\u00a0\u00bb50&Prime; gutter_size=\u00a0\u00bb3&Prime; border_color=\u00a0\u00bbcolor-jevc\u00a0\u00bb border_style=\u00a0\u00bbsolid\u00a0\u00bb medium_width=\u00a0\u00bb0&Prime; shift_x=\u00a0\u00bb0&Prime; shift_y=\u00a0\u00bb0&Prime; z_index=\u00a0\u00bb0&Prime; width=\u00a0\u00bb1\/12&Prime; css=\u00a0\u00bb.vc_custom_1557928537340{border-top-width: 1px !important;border-right-width: 0px !important;border-bottom-width: 1px !important;border-left-width: 1px !important;padding-top: 15px !important;padding-bottom: 15px !important;padding-left: 15px !important;}\u00a0\u00bb link_to=\u00a0\u00bburl:http%3A%2F%2Fdesigninternational.uqam.ca%2F2019%2Fjacques-ferrier%2F|||\u00a0\u00bb][vc_custom_heading heading_semantic=\u00a0\u00bbh3&Prime; text_size=\u00a0\u00bbh3&Prime; text_height=\u00a0\u00bbfontheight-200749&Prime; text_weight=\u00a0\u00bb500&Prime;]<a href=\"http:\/\/designinternational.uqam.ca\/2019\/jacques-ferrier\/\"><span style=\"font-size: 12pt;\">Jacques<\/span><\/a><br \/>\n<a href=\"http:\/\/designinternational.uqam.ca\/2019\/jacques-ferrier\/\"><span style=\"font-size: 12pt;\">Ferrier<\/span><\/a>[\/vc_custom_heading][\/vc_column][vc_column column_width_percent=\u00a0\u00bb100&Prime; override_padding=\u00a0\u00bbyes\u00a0\u00bb column_padding=\u00a0\u00bb0&Prime; overlay_alpha=\u00a0\u00bb50&Prime; gutter_size=\u00a0\u00bb3&Prime; border_color=\u00a0\u00bbcolor-jevc\u00a0\u00bb border_style=\u00a0\u00bbsolid\u00a0\u00bb medium_width=\u00a0\u00bb0&Prime; shift_x=\u00a0\u00bb0&Prime; shift_y=\u00a0\u00bb0&Prime; z_index=\u00a0\u00bb0&Prime; width=\u00a0\u00bb1\/12&Prime; css=\u00a0\u00bb.vc_custom_1557928545214{border-top-width: 1px !important;border-right-width: 0px !important;border-bottom-width: 1px !important;border-left-width: 1px !important;padding-top: 15px !important;padding-bottom: 15px !important;padding-left: 15px !important;}\u00a0\u00bb link_to=\u00a0\u00bburl:http%3A%2F%2Fdesigninternational.uqam.ca%2F2019%2Fjos-boys%2F|||\u00a0\u00bb][vc_custom_heading heading_semantic=\u00a0\u00bbh3&Prime; text_size=\u00a0\u00bbh3&Prime; text_height=\u00a0\u00bbfontheight-200749&Prime; text_weight=\u00a0\u00bb500&Prime;]<a href=\"http:\/\/designinternational.uqam.ca\/2019\/jos-boys\/\"><span style=\"font-size: 12pt;\">Jos<\/span><\/a><br \/>\n<a href=\"http:\/\/designinternational.uqam.ca\/2019\/jos-boys\/\"><span style=\"font-size: 12pt;\">Boys<\/span><\/a>[\/vc_custom_heading][\/vc_column][vc_column column_width_percent=\u00a0\u00bb100&Prime; override_padding=\u00a0\u00bbyes\u00a0\u00bb column_padding=\u00a0\u00bb0&Prime; overlay_alpha=\u00a0\u00bb50&Prime; gutter_size=\u00a0\u00bb3&Prime; border_color=\u00a0\u00bbcolor-jevc\u00a0\u00bb border_style=\u00a0\u00bbsolid\u00a0\u00bb medium_width=\u00a0\u00bb0&Prime; shift_x=\u00a0\u00bb0&Prime; shift_y=\u00a0\u00bb0&Prime; z_index=\u00a0\u00bb0&Prime; width=\u00a0\u00bb1\/12&Prime; css=\u00a0\u00bb.vc_custom_1557928552280{border-top-width: 1px !important;border-right-width: 0px !important;border-bottom-width: 1px !important;border-left-width: 1px !important;padding-top: 15px !important;padding-bottom: 15px !important;padding-left: 15px !important;}\u00a0\u00bb link_to=\u00a0\u00bburl:http%3A%2F%2Fdesigninternational.uqam.ca%2F2019%2Fstephane-halmai-voisard%2F|||\u00a0\u00bb][vc_custom_heading heading_semantic=\u00a0\u00bbh3&Prime; text_size=\u00a0\u00bbh3&Prime; text_height=\u00a0\u00bbfontheight-200749&Prime; text_weight=\u00a0\u00bb500&Prime;]<a href=\"http:\/\/designinternational.uqam.ca\/2019\/stephane-halmai-voisard\/\"><span style=\"font-size: 12pt;\">St\u00e9phane<\/span><\/a><br \/>\n<a href=\"http:\/\/designinternational.uqam.ca\/2019\/stephane-halmai-voisard\/\"><span style=\"font-size: 12pt;\">Halma\u00ef-<\/span><\/a><br \/>\n<a href=\"http:\/\/designinternational.uqam.ca\/2019\/stephane-halmai-voisard\/\"><span style=\"font-size: 12pt;\">Voisard<\/span><\/a>[\/vc_custom_heading][\/vc_column][vc_column column_width_percent=\u00a0\u00bb100&Prime; override_padding=\u00a0\u00bbyes\u00a0\u00bb column_padding=\u00a0\u00bb0&Prime; overlay_alpha=\u00a0\u00bb50&Prime; gutter_size=\u00a0\u00bb3&Prime; border_color=\u00a0\u00bbcolor-jevc\u00a0\u00bb border_style=\u00a0\u00bbsolid\u00a0\u00bb medium_width=\u00a0\u00bb0&Prime; shift_x=\u00a0\u00bb0&Prime; shift_y=\u00a0\u00bb0&Prime; z_index=\u00a0\u00bb0&Prime; width=\u00a0\u00bb7\/12&Prime; css=\u00a0\u00bb.vc_custom_1557866211774{border-top-width: 1px !important;border-right-width: 0px !important;border-bottom-width: 1px !important;border-left-width: 1px !important;padding-top: 15px !important;padding-left: 15px !important;}\u00a0\u00bb][vc_custom_heading heading_semantic=\u00a0\u00bbh3&Prime; text_size=\u00a0\u00bbh3&Prime; text_height=\u00a0\u00bbfontheight-200749&Prime; text_weight=\u00a0\u00bb500&Prime; css_animation=\u00a0\u00bbright-t-left\u00a0\u00bb animation_speed=\u00a0\u00bb1000&Prime; animation_delay=\u00a0\u00bb100&Prime;]<span style=\"font-size: 12pt;\">Gilles<\/span><br \/>\n<span style=\"font-size: 12pt;\">Marty<\/span>[\/vc_custom_heading][vc_row_inner][vc_column_inner column_width_percent=\u00a0\u00bb100&Prime; gutter_size=\u00a0\u00bb2&Prime; overlay_alpha=\u00a0\u00bb50&Prime; medium_width=\u00a0\u00bb0&Prime; shift_x=\u00a0\u00bb0&Prime; shift_y=\u00a0\u00bb0&Prime; z_index=\u00a0\u00bb0&Prime; width=\u00a0\u00bb2\/3&Prime;][vc_column_text]ARCHITECTE &amp; PROFESSEUR<br \/>\nINT\u00c9GR\u00c9 INVIT\u00c9 DE MAURICE CLOUTIER<br \/>\nET CARLO CARBONE[\/vc_column_text][vc_column_text]Gilles Marty est architecte et enseignant \u00e0 l\u2019\u00c9cole Nationale Sup\u00e9rieure d\u2019Architecture de Grenoble. Il est fondateur et le directeur de l\u2019Agence INCA Architectes qui r\u00e9alise dans le monde entier des projets d\u2019architecture et de mise en valeur de sites remarquables dans des lieux d\u2019exception. Il enseigne depuis de nombreuses ann\u00e9es avec Maud Laronze, architecte designer, qui co-dirigera avec lui cet atelier.<\/p>\n<p>Selon Gaston Bachelard, nos souvenirs d\u2019espaces v\u00e9cus sont le point de d\u00e9part de notre mati\u00e8re fondamentale, celle qui nous d\u00e9finit depuis l\u2019enfance, construit notre imaginaire et fait de nous des cr\u00e9ateurs singuliers. Ces spatialit\u00e9s nous constituent en tant que designers d\u2019espaces m\u00e9morables, g\u00e9n\u00e9rateurs \u00e0 leur tour d\u2019\u00e9motions, d\u2019exp\u00e9riences et de souvenirs. \u00c0 partir d\u2019un carnet de souvenirs d\u2019espaces heureux, depuis son enfance jusqu\u2019\u00e0 ce jour, nous explorerons la banque d\u2019images propre \u00e0 chaque \u00e9tudiant, comme le mat\u00e9riau privil\u00e9gi\u00e9 d\u2019un petit projet architectural. Selon un processus de m\u00e9tamorphose des dessins vers des maquettes formelles de plus en plus abouties, le projet d\u2019un pavillon d\u2019artiste va prendre forme naturellement. Les souvenirs et les \u00e9motions deviennent alors le moteur de nouvelles formes et de spatialit\u00e9s originales, une toute autre mani\u00e8re d\u2019enseigner le projet d\u2019architecture ancr\u00e9 dans le ressenti, l\u2019imaginaire et la sensibilit\u00e9 de chacun.[\/vc_column_text][vc_column_text]<a href=\"http:\/\/www.inca-architectes.com\/\" target=\"_blank\" rel=\"nofollow noopener noreferrer\" data-lynx-mode=\"hover\" data-lynx-uri=\"https:\/\/l.messenger.com\/l.php?u=http%3A%2F%2Fwww.inca-architectes.com%2F&amp;h=AT3Bre6DVp_ZEMgs31l5d5OshVzNHaH4rBccEOj1wDIyyf_h1ksvjAdl-eSyBDz43W2W6E-7Kjuulfo_oO6YitILLNnBlBeaTXIZDvokhHH1L22vq-CA48_Qz0WNx0QiWWAz5WAd\">inca-architectes.com<\/a> &#8211; <a href=\"http:\/\/www.instagram.com\/gilles_marty_ensag\" target=\"_blank\" rel=\"nofollow noopener noreferrer\" data-lynx-mode=\"hover\" data-lynx-uri=\"https:\/\/l.messenger.com\/l.php?u=http%3A%2F%2Fwww.instagram.com%2Fgilles_marty_ensag&amp;h=AT3Bre6DVp_ZEMgs31l5d5OshVzNHaH4rBccEOj1wDIyyf_h1ksvjAdl-eSyBDz43W2W6E-7Kjuulfo_oO6YitILLNnBlBeaTXIZDvokhHH1L22vq-CA48_Qz0WNx0QiWWAz5WAd\">instagram.com\/gilles_marty_ensag<\/a>[\/vc_column_text][vc_column_text]<\/p>\n<h5 style=\"text-align: left;\"><a href=\"http:\/\/designinternational.uqam.ca\/2019\/gilles-marty\/gilles-marty-00#gilles-marty\">00<\/a> &#8211; <a href=\"http:\/\/designinternational.uqam.ca\/2019\/gilles-marty\/gilles-marty-01\/\">01<\/a> &#8211; <a href=\"http:\/\/designinternational.uqam.ca\/2019\/gilles-marty\/gilles-marty-02\/\">02<\/a> &#8211; <a href=\"http:\/\/designinternational.uqam.ca\/2019\/gilles-marty\/gilles-marty-03\/\">03<\/a> &#8211; <a href=\"http:\/\/designinternational.uqam.ca\/2019\/gilles-marty\/gilles-marty-04\/\">04<\/a> &#8211; <a href=\"http:\/\/designinternational.uqam.ca\/2019\/gilles-marty\/gilles-marty-05\/\">05<\/a> &#8211; <a href=\"http:\/\/designinternational.uqam.ca\/2019\/gilles-marty\/gilles-marty-06\/\">06<\/a> &#8211; <a href=\"http:\/\/designinternational.uqam.ca\/2019\/gilles-marty\/gilles-marty-07\/\">07<\/a> &#8211; <a href=\"http:\/\/designinternational.uqam.ca\/2019\"><img decoding=\"async\" class=\"alignnone wp-image-48750\" src=\"http:\/\/designinternational.uqam.ca\/2019\/wp-content\/uploads\/sites\/8\/2019\/05\/Home.png\" alt=\"\" width=\"15\" height=\"16\" srcset=\"https:\/\/designinternational.uqam.ca\/2019\/wp-content\/uploads\/sites\/8\/2019\/05\/Home.png 185w, https:\/\/designinternational.uqam.ca\/2019\/wp-content\/uploads\/sites\/8\/2019\/05\/Home-150x150.png 150w\" sizes=\"(max-width: 15px) 100vw, 15px\" \/><\/a><\/h5>\n<p>[\/vc_column_text][\/vc_column_inner][vc_column_inner width=\u00a0\u00bb1\/3&Prime;][\/vc_column_inner][\/vc_row_inner][\/vc_column][vc_column column_width_percent=\u00a0\u00bb100&Prime; override_padding=\u00a0\u00bbyes\u00a0\u00bb column_padding=\u00a0\u00bb0&Prime; overlay_alpha=\u00a0\u00bb50&Prime; gutter_size=\u00a0\u00bb3&Prime; border_color=\u00a0\u00bbcolor-jevc\u00a0\u00bb border_style=\u00a0\u00bbsolid\u00a0\u00bb medium_width=\u00a0\u00bb0&Prime; shift_x=\u00a0\u00bb0&Prime; shift_y=\u00a0\u00bb0&Prime; z_index=\u00a0\u00bb0&Prime; width=\u00a0\u00bb1\/12&Prime; css=\u00a0\u00bb.vc_custom_1557928608631{border-top-width: 1px !important;border-right-width: 1px !important;border-bottom-width: 1px !important;border-left-width: 1px !important;padding-top: 15px !important;padding-bottom: 15px !important;padding-left: 15px !important;}\u00a0\u00bb link_to=\u00a0\u00bburl:http%3A%2F%2Fdesigninternational.uqam.ca%2F2019%2Fjulia-van-den-hout-kyle-may%2F|title:julia%20van%20den%20hout%20%26%20kyle%20may||\u00a0\u00bb][vc_custom_heading heading_semantic=\u00a0\u00bbh3&Prime; text_size=\u00a0\u00bbh3&Prime; text_height=\u00a0\u00bbfontheight-200749&Prime; text_weight=\u00a0\u00bb500&Prime;]<a href=\"http:\/\/designinternational.uqam.ca\/2019\/julia-van-den-hout-kyle-may\/\"><span style=\"font-size: 12pt;\">Julia<\/span><\/a><br \/>\n<a href=\"http:\/\/designinternational.uqam.ca\/2019\/julia-van-den-hout-kyle-may\/\"><span style=\"font-size: 12pt;\">van den<\/span><\/a><br \/>\n<a href=\"http:\/\/designinternational.uqam.ca\/2019\/julia-van-den-hout-kyle-may\/\"><span style=\"font-size: 12pt;\">Hout<\/span><\/a><\/p>\n<p>&nbsp;<\/p>\n<p><a href=\"http:\/\/designinternational.uqam.ca\/2019\/julia-van-den-hout-kyle-may\/\"><span style=\"font-size: 12pt;\">Kyle\u00a0<\/span><span style=\"font-size: 12pt;\">May<\/span><\/a>[\/vc_custom_heading][\/vc_column][\/vc_row]<\/p>\n<\/div>","protected":false},"excerpt":{"rendered":"<p>[vc_row unlock_row_content=\u00a0\u00bbyes\u00a0\u00bb row_height_percent=\u00a0\u00bb100&Prime; override_padding=\u00a0\u00bbyes\u00a0\u00bb h_padding=\u00a0\u00bb0&Prime; top_padding=\u00a0\u00bb0&Prime; bottom_padding=\u00a0\u00bb0&Prime; back_color=\u00a0\u00bbcolor-355140&Prime; overlay_alpha=\u00a0\u00bb50&Prime; equal_height=\u00a0\u00bbyes\u00a0\u00bb gutter_size=\u00a0\u00bb0&Prime; shift_y=\u00a0\u00bb0&Prime;][vc_column column_width_percent=\u00a0\u00bb100&Prime; expand_height=\u00a0\u00bbyes\u00a0\u00bb override_padding=\u00a0\u00bbyes\u00a0\u00bb column_padding=\u00a0\u00bb0&Prime; overlay_alpha=\u00a0\u00bb50&Prime; gutter_size=\u00a0\u00bb2&Prime; border_color=\u00a0\u00bbcolor-jevc\u00a0\u00bb border_style=\u00a0\u00bbsolid\u00a0\u00bb [&hellip;]<\/p>\n","protected":false},"author":6,"featured_media":0,"parent":0,"menu_order":0,"comment_status":"closed","ping_status":"closed","template":"","meta":{"footnotes":""},"class_list":["post-48735","page","type-page","status-publish","hentry","page_category-gilles-marty"],"_links":{"self":[{"href":"https:\/\/designinternational.uqam.ca\/2019\/wp-json\/wp\/v2\/pages\/48735","targetHints":{"allow":["GET"]}}],"collection":[{"href":"https:\/\/designinternational.uqam.ca\/2019\/wp-json\/wp\/v2\/pages"}],"about":[{"href":"https:\/\/designinternational.uqam.ca\/2019\/wp-json\/wp\/v2\/types\/page"}],"author":[{"embeddable":true,"href":"https:\/\/designinternational.uqam.ca\/2019\/wp-json\/wp\/v2\/users\/6"}],"replies":[{"embeddable":true,"href":"https:\/\/designinternational.uqam.ca\/2019\/wp-json\/wp\/v2\/comments?post=48735"}],"version-history":[{"count":12,"href":"https:\/\/designinternational.uqam.ca\/2019\/wp-json\/wp\/v2\/pages\/48735\/revisions"}],"predecessor-version":[{"id":50104,"href":"https:\/\/designinternational.uqam.ca\/2019\/wp-json\/wp\/v2\/pages\/48735\/revisions\/50104"}],"wp:attachment":[{"href":"https:\/\/designinternational.uqam.ca\/2019\/wp-json\/wp\/v2\/media?parent=48735"}],"curies":[{"name":"wp","href":"https:\/\/api.w.org\/{rel}","templated":true}]}}