{"id":48729,"date":"2019-05-14T22:59:50","date_gmt":"2019-05-14T21:59:50","guid":{"rendered":"http:\/\/designinternational.uqam.ca\/2019\/?page_id=48729"},"modified":"2019-05-17T19:27:16","modified_gmt":"2019-05-17T18:27:16","slug":"stephane-halmai-voisard","status":"publish","type":"page","link":"https:\/\/designinternational.uqam.ca\/2019\/stephane-halmai-voisard\/","title":{"rendered":"St\u00e9phane Halma\u00ef-Voisard"},"content":{"rendered":"<div class=\"wpb-content-wrapper\"><p>[vc_row unlock_row_content=\u00a0\u00bbyes\u00a0\u00bb row_height_percent=\u00a0\u00bb100&Prime; override_padding=\u00a0\u00bbyes\u00a0\u00bb h_padding=\u00a0\u00bb0&Prime; top_padding=\u00a0\u00bb0&Prime; bottom_padding=\u00a0\u00bb0&Prime; back_color=\u00a0\u00bbcolor-355140&Prime; overlay_alpha=\u00a0\u00bb50&Prime; equal_height=\u00a0\u00bbyes\u00a0\u00bb gutter_size=\u00a0\u00bb0&Prime; shift_y=\u00a0\u00bb0&Prime;][vc_column column_width_percent=\u00a0\u00bb100&Prime; expand_height=\u00a0\u00bbyes\u00a0\u00bb override_padding=\u00a0\u00bbyes\u00a0\u00bb column_padding=\u00a0\u00bb0&Prime; overlay_alpha=\u00a0\u00bb50&Prime; gutter_size=\u00a0\u00bb2&Prime; border_color=\u00a0\u00bbcolor-jevc\u00a0\u00bb border_style=\u00a0\u00bbsolid\u00a0\u00bb medium_width=\u00a0\u00bb0&Prime; shift_x=\u00a0\u00bb0&Prime; shift_y=\u00a0\u00bb0&Prime; z_index=\u00a0\u00bb0&Prime; width=\u00a0\u00bb1\/12&Prime; css=\u00a0\u00bb.vc_custom_1557888166521{border-top-width: 1px !important;border-right-width: 0px !important;border-bottom-width: 1px !important;border-left-width: 1px !important;padding-top: 15px !important;padding-left: 15px !important;}\u00a0\u00bb link_to=\u00a0\u00bburl:http%3A%2F%2Fdesigninternational.uqam.ca%2F2019%2Fdafi-kuhne%2F|title:Dafi%20K%C3%BChne||\u00a0\u00bb][vc_custom_heading heading_semantic=\u00a0\u00bbh3&Prime; text_size=\u00a0\u00bbh3&Prime; text_height=\u00a0\u00bbfontheight-200749&Prime; text_weight=\u00a0\u00bb500&Prime;]<a href=\"http:\/\/designinternational.uqam.ca\/2019\/dafi-kuhne\/\"><span style=\"font-size: 12pt\">Dafi<\/span><\/a><br \/>\n<a href=\"http:\/\/designinternational.uqam.ca\/2019\/dafi-kuhne\/\"><span style=\"font-size: 12pt\">K\u00fchne<\/span><\/a>[\/vc_custom_heading][\/vc_column][vc_column column_width_percent=\u00a0\u00bb100&Prime; expand_height=\u00a0\u00bbyes\u00a0\u00bb override_padding=\u00a0\u00bbyes\u00a0\u00bb column_padding=\u00a0\u00bb0&Prime; overlay_alpha=\u00a0\u00bb50&Prime; gutter_size=\u00a0\u00bb3&Prime; border_color=\u00a0\u00bbcolor-jevc\u00a0\u00bb border_style=\u00a0\u00bbsolid\u00a0\u00bb medium_width=\u00a0\u00bb0&Prime; shift_x=\u00a0\u00bb0&Prime; shift_y=\u00a0\u00bb0&Prime; z_index=\u00a0\u00bb0&Prime; width=\u00a0\u00bb1\/12&Prime; css=\u00a0\u00bb.vc_custom_1557888178700{border-top-width: 1px !important;border-right-width: 0px !important;border-bottom-width: 1px !important;border-left-width: 1px !important;padding-top: 15px !important;padding-left: 15px !important;}\u00a0\u00bb link_to=\u00a0\u00bburl:http%3A%2F%2Fdesigninternational.uqam.ca%2F2019%2Fjacques-ferrier%2F|||\u00a0\u00bb][vc_custom_heading heading_semantic=\u00a0\u00bbh3&Prime; text_size=\u00a0\u00bbh3&Prime; text_height=\u00a0\u00bbfontheight-200749&Prime; text_weight=\u00a0\u00bb500&Prime;]<a href=\"http:\/\/designinternational.uqam.ca\/2019\/jacques-ferrier\/\"><span style=\"font-size: 12pt\">Jacques<\/span><\/a><br \/>\n<a href=\"http:\/\/designinternational.uqam.ca\/2019\/jacques-ferrier\/\"><span style=\"font-size: 12pt\">Ferrier<\/span><\/a>[\/vc_custom_heading][\/vc_column][vc_column column_width_percent=\u00a0\u00bb100&Prime; override_padding=\u00a0\u00bbyes\u00a0\u00bb column_padding=\u00a0\u00bb0&Prime; overlay_alpha=\u00a0\u00bb50&Prime; gutter_size=\u00a0\u00bb3&Prime; border_color=\u00a0\u00bbcolor-jevc\u00a0\u00bb border_style=\u00a0\u00bbsolid\u00a0\u00bb medium_width=\u00a0\u00bb0&Prime; shift_x=\u00a0\u00bb0&Prime; shift_y=\u00a0\u00bb0&Prime; z_index=\u00a0\u00bb0&Prime; width=\u00a0\u00bb1\/12&Prime; css=\u00a0\u00bb.vc_custom_1557888190717{border-top-width: 1px !important;border-right-width: 0px !important;border-bottom-width: 1px !important;border-left-width: 1px !important;padding-top: 15px !important;padding-left: 15px !important;}\u00a0\u00bb link_to=\u00a0\u00bburl:http%3A%2F%2Fdesigninternational.uqam.ca%2F2019%2Fjos-boys%2F|||\u00a0\u00bb][vc_custom_heading heading_semantic=\u00a0\u00bbh3&Prime; text_size=\u00a0\u00bbh3&Prime; text_height=\u00a0\u00bbfontheight-200749&Prime; text_weight=\u00a0\u00bb500&Prime;]<a href=\"http:\/\/designinternational.uqam.ca\/2019\/jos-boys\/\"><span style=\"font-size: 12pt\">Jos<\/span><\/a><br \/>\n<a href=\"http:\/\/designinternational.uqam.ca\/2019\/jos-boys\/\"><span style=\"font-size: 12pt\">Boys<\/span><\/a>[\/vc_custom_heading][\/vc_column][vc_column column_width_percent=\u00a0\u00bb100&Prime; override_padding=\u00a0\u00bbyes\u00a0\u00bb column_padding=\u00a0\u00bb0&Prime; overlay_alpha=\u00a0\u00bb50&Prime; gutter_size=\u00a0\u00bb3&Prime; border_color=\u00a0\u00bbcolor-jevc\u00a0\u00bb border_style=\u00a0\u00bbsolid\u00a0\u00bb medium_width=\u00a0\u00bb0&Prime; shift_x=\u00a0\u00bb0&Prime; shift_y=\u00a0\u00bb0&Prime; z_index=\u00a0\u00bb0&Prime; width=\u00a0\u00bb7\/12&Prime; css=\u00a0\u00bb.vc_custom_1557866202133{border-top-width: 1px !important;border-right-width: 0px !important;border-bottom-width: 1px !important;border-left-width: 1px !important;padding-top: 15px !important;padding-left: 15px !important;}\u00a0\u00bb][vc_custom_heading heading_semantic=\u00a0\u00bbh3&Prime; text_size=\u00a0\u00bbh3&Prime; text_height=\u00a0\u00bbfontheight-200749&Prime; text_weight=\u00a0\u00bb500&Prime; css_animation=\u00a0\u00bbright-t-left\u00a0\u00bb animation_speed=\u00a0\u00bb1000&Prime; animation_delay=\u00a0\u00bb100&Prime;]<span style=\"font-size: 12pt\">St\u00e9phane<\/span><br \/>\n<span style=\"font-size: 12pt\">Halma\u00ef-<\/span><br \/>\n<span style=\"font-size: 12pt\">Voisard<\/span>[\/vc_custom_heading][vc_row_inner][vc_column_inner column_width_percent=\u00a0\u00bb100&Prime; gutter_size=\u00a0\u00bb2&Prime; overlay_alpha=\u00a0\u00bb50&Prime; medium_width=\u00a0\u00bb0&Prime; shift_x=\u00a0\u00bb0&Prime; shift_y=\u00a0\u00bb0&Prime; z_index=\u00a0\u00bb0&Prime; width=\u00a0\u00bb2\/3&Prime;][vc_column_text]DESIGNER<br \/>\nINVIT\u00c9 DE ADRIEN ROVERO[\/vc_column_text][vc_column_text]St\u00e9phane Halma\u00ef-Voisard (*1980) a \u00e9t\u00e9 form\u00e9 en design graphique \u00e0 l\u2019UQAM, avant d\u2019\u00e9tudier le design industriel \u00e0 l\u2019ECAL\/Ecole cantonale d\u2019art de Lausanne, en Suisse. En plus de sa pratique ind\u00e9pendante, il est co-fondateur du groupe Terrazzo Project (*2011) et enseigne le design industriel \u00e0 l\u2019ECAL, o\u00f9 il est depuis 2014 responsable du Bachelor en design industriel et de produits.<\/p>\n<p>Pour ce workshop, nous allons transformer l\u2019atelier en v\u00e9ritable fabrique de chocolat! Il vous sera demand\u00e9 de d\u00e9velopper un objet ou une gamme d\u2019objets (max. 3, et selon la taille) rotomoul\u00e9s en chocolat. L\u2019objectif est de cr\u00e9er des objets gourmands qui exploitent les qualit\u00e9s et avantages de ce mode de production qui permet de faire des formes simples ou complexes sans collage ni soudure, et trouve des applications dans de nombreux secteurs de l\u2019industrie, et opportun\u00e9ment la confiserie. Vos savoureux objets finiront d\u00e9gust\u00e9s lors d\u2019un grand festin qui cl\u00f4turera la semaine.[\/vc_column_text][vc_column_text]<a href=\"http:\/\/www.terrazzoproject.com\/\" target=\"_blank\" rel=\"nofollow noopener noreferrer\" data-lynx-mode=\"hover\" data-lynx-uri=\"https:\/\/l.messenger.com\/l.php?u=http%3A%2F%2Fwww.terrazzoproject.com%2F&amp;h=AT3Bre6DVp_ZEMgs31l5d5OshVzNHaH4rBccEOj1wDIyyf_h1ksvjAdl-eSyBDz43W2W6E-7Kjuulfo_oO6YitILLNnBlBeaTXIZDvokhHH1L22vq-CA48_Qz0WNx0QiWWAz5WAd\">terrazzoproject.com<\/a> &#8211; <a href=\"http:\/\/www.ecal.ch\/\" target=\"_blank\" rel=\"nofollow noopener noreferrer\" data-lynx-mode=\"hover\" data-lynx-uri=\"https:\/\/l.messenger.com\/l.php?u=http%3A%2F%2Fwww.ecal.ch%2F&amp;h=AT3Bre6DVp_ZEMgs31l5d5OshVzNHaH4rBccEOj1wDIyyf_h1ksvjAdl-eSyBDz43W2W6E-7Kjuulfo_oO6YitILLNnBlBeaTXIZDvokhHH1L22vq-CA48_Qz0WNx0QiWWAz5WAd\">ecal.ch<\/a>[\/vc_column_text][vc_column_text]<\/p>\n<h5 style=\"text-align: left\"><a href=\"http:\/\/designinternational.uqam.ca\/2019\/stephane-halmai-voisard\/stephane-halmai-voisard\/#stephane-halmai-voisard\">00<\/a> &#8211; <a href=\"http:\/\/designinternational.uqam.ca\/2019\/stephane-halmai-voisard\/stephane-halmai-voisard-01\">01<\/a> &#8211; <a href=\"http:\/\/designinternational.uqam.ca\/2019\/stephane-halmai-voisard\/stephane-halmai-voisard-02\">02<\/a> &#8211; <a href=\"http:\/\/designinternational.uqam.ca\/2019\/stephane-halmai-voisard\/stephane-halmai-voisard-03\">03<\/a> &#8211; <a href=\"http:\/\/designinternational.uqam.ca\/2019\/stephane-halmai-voisard\/stephane-halmai-voisard-04\">04<\/a> &#8211; <a href=\"http:\/\/designinternational.uqam.ca\/2019\/stephane-halmai-voisard\/stephane-halmai-voisard-05\">05<\/a> &#8211; <a href=\"http:\/\/designinternational.uqam.ca\/2019\/stephane-halmai-voisard\/stephane-halmai-voisard-06\">06<\/a> &#8211; <a href=\"http:\/\/designinternational.uqam.ca\/2019\/stephane-halmai-voisard\/stephane-halmai-voisard-07\">07 <\/a>&#8211; <a href=\"http:\/\/designinternational.uqam.ca\/2019\"><img decoding=\"async\" class=\"alignnone wp-image-48750\" src=\"http:\/\/designinternational.uqam.ca\/2019\/wp-content\/uploads\/sites\/8\/2019\/05\/Home.png\" alt=\"\" width=\"15\" height=\"16\" srcset=\"https:\/\/designinternational.uqam.ca\/2019\/wp-content\/uploads\/sites\/8\/2019\/05\/Home.png 185w, https:\/\/designinternational.uqam.ca\/2019\/wp-content\/uploads\/sites\/8\/2019\/05\/Home-150x150.png 150w\" sizes=\"(max-width: 15px) 100vw, 15px\" \/><\/a><\/h5>\n<p>[\/vc_column_text][\/vc_column_inner][vc_column_inner width=\u00a0\u00bb1\/3&Prime;][\/vc_column_inner][\/vc_row_inner][\/vc_column][vc_column column_width_percent=\u00a0\u00bb100&Prime; override_padding=\u00a0\u00bbyes\u00a0\u00bb column_padding=\u00a0\u00bb0&Prime; overlay_alpha=\u00a0\u00bb50&Prime; gutter_size=\u00a0\u00bb3&Prime; border_color=\u00a0\u00bbcolor-jevc\u00a0\u00bb border_style=\u00a0\u00bbsolid\u00a0\u00bb medium_width=\u00a0\u00bb0&Prime; shift_x=\u00a0\u00bb0&Prime; shift_y=\u00a0\u00bb0&Prime; z_index=\u00a0\u00bb0&Prime; width=\u00a0\u00bb1\/12&Prime; css=\u00a0\u00bb.vc_custom_1557888272119{border-top-width: 1px !important;border-right-width: 0px !important;border-bottom-width: 1px !important;border-left-width: 1px !important;padding-top: 15px !important;padding-left: 15px !important;}\u00a0\u00bb link_to=\u00a0\u00bburl:http%3A%2F%2Fdesigninternational.uqam.ca%2F2019%2Fgilles-marty%2F|title:Gilles%20Marty||\u00a0\u00bb][vc_custom_heading heading_semantic=\u00a0\u00bbh3&Prime; text_size=\u00a0\u00bbh3&Prime; text_height=\u00a0\u00bbfontheight-200749&Prime; text_weight=\u00a0\u00bb500&Prime;]<a href=\"http:\/\/designinternational.uqam.ca\/2019\/gilles-marty\/\"><span style=\"font-size: 12pt\">Gilles<\/span><\/a><br \/>\n<a href=\"http:\/\/designinternational.uqam.ca\/2019\/gilles-marty\/\"><span style=\"font-size: 12pt\">Marty<\/span><\/a>[\/vc_custom_heading][\/vc_column][vc_column column_width_percent=\u00a0\u00bb100&Prime; override_padding=\u00a0\u00bbyes\u00a0\u00bb column_padding=\u00a0\u00bb0&Prime; overlay_alpha=\u00a0\u00bb50&Prime; gutter_size=\u00a0\u00bb3&Prime; border_color=\u00a0\u00bbcolor-jevc\u00a0\u00bb border_style=\u00a0\u00bbsolid\u00a0\u00bb medium_width=\u00a0\u00bb0&Prime; shift_x=\u00a0\u00bb0&Prime; shift_y=\u00a0\u00bb0&Prime; z_index=\u00a0\u00bb0&Prime; width=\u00a0\u00bb1\/12&Prime; css=\u00a0\u00bb.vc_custom_1557888298282{border-top-width: 1px !important;border-right-width: 1px !important;border-bottom-width: 1px !important;border-left-width: 1px !important;padding-top: 15px !important;padding-left: 15px !important;}\u00a0\u00bb link_to=\u00a0\u00bburl:http%3A%2F%2Fdesigninternational.uqam.ca%2F2019%2Fjulia-van-den-hout-kyle-may%2F|||\u00a0\u00bb][vc_custom_heading heading_semantic=\u00a0\u00bbh3&Prime; text_size=\u00a0\u00bbh3&Prime; text_height=\u00a0\u00bbfontheight-200749&Prime; text_weight=\u00a0\u00bb500&Prime;]<a href=\"http:\/\/designinternational.uqam.ca\/2019\/julia-van-den-hout-kyle-may\/\"><span style=\"font-size: 12pt\">Julia<\/span><\/a><br \/>\n<a href=\"http:\/\/designinternational.uqam.ca\/2019\/julia-van-den-hout-kyle-may\/\"><span style=\"font-size: 12pt\">van den<\/span><\/a><br \/>\n<a href=\"http:\/\/designinternational.uqam.ca\/2019\/julia-van-den-hout-kyle-may\/\"><span style=\"font-size: 12pt\">Hout<\/span><\/a><\/p>\n<p>&nbsp;<\/p>\n<p><a href=\"http:\/\/designinternational.uqam.ca\/2019\/julia-van-den-hout-kyle-may\/\"><span style=\"font-size: 12pt\">Kyle\u00a0<\/span><span style=\"font-size: 12pt\">May<\/span><\/a>[\/vc_custom_heading][\/vc_column][\/vc_row]<\/p>\n<\/div>","protected":false},"excerpt":{"rendered":"<p>[vc_row unlock_row_content=\u00a0\u00bbyes\u00a0\u00bb row_height_percent=\u00a0\u00bb100&Prime; override_padding=\u00a0\u00bbyes\u00a0\u00bb h_padding=\u00a0\u00bb0&Prime; top_padding=\u00a0\u00bb0&Prime; bottom_padding=\u00a0\u00bb0&Prime; back_color=\u00a0\u00bbcolor-355140&Prime; overlay_alpha=\u00a0\u00bb50&Prime; equal_height=\u00a0\u00bbyes\u00a0\u00bb gutter_size=\u00a0\u00bb0&Prime; shift_y=\u00a0\u00bb0&Prime;][vc_column column_width_percent=\u00a0\u00bb100&Prime; expand_height=\u00a0\u00bbyes\u00a0\u00bb override_padding=\u00a0\u00bbyes\u00a0\u00bb column_padding=\u00a0\u00bb0&Prime; overlay_alpha=\u00a0\u00bb50&Prime; gutter_size=\u00a0\u00bb2&Prime; border_color=\u00a0\u00bbcolor-jevc\u00a0\u00bb border_style=\u00a0\u00bbsolid\u00a0\u00bb [&hellip;]<\/p>\n","protected":false},"author":6,"featured_media":0,"parent":0,"menu_order":0,"comment_status":"closed","ping_status":"closed","template":"","meta":{"footnotes":""},"class_list":["post-48729","page","type-page","status-publish","hentry","page_category-stephane-halmai-voisard"],"_links":{"self":[{"href":"https:\/\/designinternational.uqam.ca\/2019\/wp-json\/wp\/v2\/pages\/48729","targetHints":{"allow":["GET"]}}],"collection":[{"href":"https:\/\/designinternational.uqam.ca\/2019\/wp-json\/wp\/v2\/pages"}],"about":[{"href":"https:\/\/designinternational.uqam.ca\/2019\/wp-json\/wp\/v2\/types\/page"}],"author":[{"embeddable":true,"href":"https:\/\/designinternational.uqam.ca\/2019\/wp-json\/wp\/v2\/users\/6"}],"replies":[{"embeddable":true,"href":"https:\/\/designinternational.uqam.ca\/2019\/wp-json\/wp\/v2\/comments?post=48729"}],"version-history":[{"count":15,"href":"https:\/\/designinternational.uqam.ca\/2019\/wp-json\/wp\/v2\/pages\/48729\/revisions"}],"predecessor-version":[{"id":49811,"href":"https:\/\/designinternational.uqam.ca\/2019\/wp-json\/wp\/v2\/pages\/48729\/revisions\/49811"}],"wp:attachment":[{"href":"https:\/\/designinternational.uqam.ca\/2019\/wp-json\/wp\/v2\/media?parent=48729"}],"curies":[{"name":"wp","href":"https:\/\/api.w.org\/{rel}","templated":true}]}}