{"id":48724,"date":"2019-05-14T22:54:34","date_gmt":"2019-05-14T21:54:34","guid":{"rendered":"http:\/\/designinternational.uqam.ca\/2019\/?page_id=48724"},"modified":"2019-05-17T17:25:56","modified_gmt":"2019-05-17T16:25:56","slug":"jos-boys","status":"publish","type":"page","link":"https:\/\/designinternational.uqam.ca\/2019\/jos-boys\/","title":{"rendered":"Jos Boys"},"content":{"rendered":"<div class=\"wpb-content-wrapper\"><p>[vc_row unlock_row_content=\u00a0\u00bbyes\u00a0\u00bb row_height_percent=\u00a0\u00bb100&Prime; override_padding=\u00a0\u00bbyes\u00a0\u00bb h_padding=\u00a0\u00bb0&Prime; top_padding=\u00a0\u00bb0&Prime; bottom_padding=\u00a0\u00bb0&Prime; back_color=\u00a0\u00bbcolor-355140&Prime; overlay_alpha=\u00a0\u00bb50&Prime; equal_height=\u00a0\u00bbyes\u00a0\u00bb gutter_size=\u00a0\u00bb0&Prime; shift_y=\u00a0\u00bb0&Prime;][vc_column column_width_percent=\u00a0\u00bb100&Prime; expand_height=\u00a0\u00bbyes\u00a0\u00bb override_padding=\u00a0\u00bbyes\u00a0\u00bb column_padding=\u00a0\u00bb0&Prime; overlay_alpha=\u00a0\u00bb50&Prime; gutter_size=\u00a0\u00bb2&Prime; border_color=\u00a0\u00bbcolor-jevc\u00a0\u00bb border_style=\u00a0\u00bbsolid\u00a0\u00bb medium_width=\u00a0\u00bb0&Prime; shift_x=\u00a0\u00bb0&Prime; shift_y=\u00a0\u00bb0&Prime; z_index=\u00a0\u00bb0&Prime; width=\u00a0\u00bb1\/12&Prime; css=\u00a0\u00bb.vc_custom_1557928771523{border-top-width: 1px !important;border-right-width: 0px !important;border-bottom-width: 1px !important;border-left-width: 1px !important;padding-top: 15px !important;padding-bottom: 15px !important;padding-left: 15px !important;}\u00a0\u00bb link_to=\u00a0\u00bburl:http%3A%2F%2Fdesigninternational.uqam.ca%2F2019%2Fdafi-kuhne%2F|title:Dafi%20K%C3%BChne||\u00a0\u00bb][vc_custom_heading heading_semantic=\u00a0\u00bbh3&Prime; text_size=\u00a0\u00bbh3&Prime; text_height=\u00a0\u00bbfontheight-200749&Prime; text_weight=\u00a0\u00bb500&Prime;]<a href=\"http:\/\/designinternational.uqam.ca\/2019\/dafi-kuhne\/\"><span style=\"font-size: 12pt;\">Dafi<\/span><\/a><br \/>\n<a href=\"http:\/\/designinternational.uqam.ca\/2019\/dafi-kuhne\/\"><span style=\"font-size: 12pt;\">K\u00fchne<\/span><\/a>[\/vc_custom_heading][\/vc_column][vc_column column_width_percent=\u00a0\u00bb100&Prime; expand_height=\u00a0\u00bbyes\u00a0\u00bb override_padding=\u00a0\u00bbyes\u00a0\u00bb column_padding=\u00a0\u00bb0&Prime; overlay_alpha=\u00a0\u00bb50&Prime; gutter_size=\u00a0\u00bb3&Prime; border_color=\u00a0\u00bbcolor-jevc\u00a0\u00bb border_style=\u00a0\u00bbsolid\u00a0\u00bb medium_width=\u00a0\u00bb0&Prime; shift_x=\u00a0\u00bb0&Prime; shift_y=\u00a0\u00bb0&Prime; z_index=\u00a0\u00bb0&Prime; width=\u00a0\u00bb1\/12&Prime; css=\u00a0\u00bb.vc_custom_1557928780727{border-top-width: 1px !important;border-right-width: 0px !important;border-bottom-width: 1px !important;border-left-width: 1px !important;padding-top: 15px !important;padding-bottom: 15px !important;padding-left: 15px !important;}\u00a0\u00bb link_to=\u00a0\u00bburl:http%3A%2F%2Fdesigninternational.uqam.ca%2F2019%2Fjacques-ferrier%2F|||\u00a0\u00bb][vc_custom_heading heading_semantic=\u00a0\u00bbh3&Prime; text_size=\u00a0\u00bbh3&Prime; text_height=\u00a0\u00bbfontheight-200749&Prime; text_weight=\u00a0\u00bb500&Prime;]<a href=\"http:\/\/designinternational.uqam.ca\/2019\/jacques-ferrier\/\"><span style=\"font-size: 12pt;\">Jacques<\/span><\/a><br \/>\n<a href=\"http:\/\/designinternational.uqam.ca\/2019\/jacques-ferrier\/\"><span style=\"font-size: 12pt;\">Ferrier<\/span><\/a>[\/vc_custom_heading][\/vc_column][vc_column column_width_percent=\u00a0\u00bb100&Prime; override_padding=\u00a0\u00bbyes\u00a0\u00bb column_padding=\u00a0\u00bb0&Prime; overlay_alpha=\u00a0\u00bb50&Prime; gutter_size=\u00a0\u00bb3&Prime; border_color=\u00a0\u00bbcolor-jevc\u00a0\u00bb border_style=\u00a0\u00bbsolid\u00a0\u00bb medium_width=\u00a0\u00bb0&Prime; shift_x=\u00a0\u00bb0&Prime; shift_y=\u00a0\u00bb0&Prime; z_index=\u00a0\u00bb0&Prime; width=\u00a0\u00bb7\/12&Prime; css=\u00a0\u00bb.vc_custom_1557866194124{border-top-width: 1px !important;border-right-width: 0px !important;border-bottom-width: 1px !important;border-left-width: 1px !important;padding-top: 15px !important;padding-left: 15px !important;}\u00a0\u00bb][vc_custom_heading heading_semantic=\u00a0\u00bbh3&Prime; text_size=\u00a0\u00bbh3&Prime; text_height=\u00a0\u00bbfontheight-200749&Prime; text_weight=\u00a0\u00bb500&Prime; css_animation=\u00a0\u00bbright-t-left\u00a0\u00bb animation_speed=\u00a0\u00bb1000&Prime; animation_delay=\u00a0\u00bb100&Prime;]<span style=\"font-size: 12pt;\">Jos<\/span><br \/>\n<span style=\"font-size: 12pt;\">Boys<\/span>[\/vc_custom_heading][vc_row_inner][vc_column_inner column_width_percent=\u00a0\u00bb100&Prime; gutter_size=\u00a0\u00bb2&Prime; overlay_alpha=\u00a0\u00bb50&Prime; medium_width=\u00a0\u00bb0&Prime; shift_x=\u00a0\u00bb0&Prime; shift_y=\u00a0\u00bb0&Prime; z_index=\u00a0\u00bb0&Prime; width=\u00a0\u00bb2\/3&Prime;][vc_column_text]ARCHITECTE<br \/>\nINVIT\u00c9E DE ANNE-MARIE BROUDEHOUX[\/vc_column_text][vc_column_text]Form\u00e9e en architecture et design d\u2019int\u00e9rieur, Jos Boys est une des fondatrices de la Matrix Feminist Design Co-operative, en 1979 \u00e0 Londres, une des premi\u00e8res agences ouvertement f\u00e9ministes. \u00c0 la fois chercheure, conceptrice, consultante et praticienne, elle s\u2019int\u00e9resse \u00e0 la notion de diff\u00e9rence et d\u2019inclusion dans les pratiques sociales et spatiales du quotidien.<\/p>\n<p>Le projet propos\u00e9 s\u2019int\u00e9resse aux gens et aux comportements qui sont visibles et valoris\u00e9s dans l\u2019espace public et \u00e0 ceux qui sont ignor\u00e9s, marginalis\u00e9s ou interdits. En \u00e9tudiant la mani\u00e8re par laquelle l\u2019espace et les objets mat\u00e9riels normalisent certains \u00e9v\u00e9nements et rencontres aux d\u00e9pens d\u2019autres, des opportunit\u00e9s d\u2019intervention cr\u00e9atives et critiques pourront \u00eatre d\u00e9velopp\u00e9es afin de perturber les normes et re\/valoriser ce qui \u00e9tait auparavant n\u00e9glig\u00e9. Ces interventions pourront t\u00e9moigner ou commenter sur des invisibilit\u00e9s et in\u00e9galit\u00e9s spatio-mat\u00e9rielles sp\u00e9cifiques; par des provocations sp\u00e9culatives ou des propositions concr\u00e8tes visant un changement positif.[\/vc_column_text][vc_column_text]<a href=\"http:\/\/josboys.surfaceimpressions.co.uk\/Home\" target=\"_blank\" rel=\"nofollow noopener noreferrer\" data-lynx-mode=\"hover\" data-lynx-uri=\"https:\/\/l.messenger.com\/l.php?u=http%3A%2F%2Fjosboys.surfaceimpressions.co.uk%2FHome&amp;h=AT3Bre6DVp_ZEMgs31l5d5OshVzNHaH4rBccEOj1wDIyyf_h1ksvjAdl-eSyBDz43W2W6E-7Kjuulfo_oO6YitILLNnBlBeaTXIZDvokhHH1L22vq-CA48_Qz0WNx0QiWWAz5WAd\">josboys.surfaceimpressions.co.uk\/Home<\/a>[\/vc_column_text][vc_column_text]<\/p>\n<h5 style=\"text-align: left;\"><a href=\"http:\/\/designinternational.uqam.ca\/2019\/jos-boys\/jos-boys-00#jos-boys\">00<\/a> &#8211; <a href=\"http:\/\/designinternational.uqam.ca\/2019\/jos-boys\/jos-boys-01\/\">01<\/a> &#8211; <a href=\"http:\/\/designinternational.uqam.ca\/2019\/jos-boys\/jos-boys-02\/\">02<\/a> &#8211; <a href=\"http:\/\/designinternational.uqam.ca\/2019\/jos-boys\/jos-boys-03\/\">03<\/a> &#8211; <a href=\"http:\/\/designinternational.uqam.ca\/2019\/jos-boys\/jos-boys-04\/\">04<\/a> &#8211; <a href=\"http:\/\/designinternational.uqam.ca\/2019\/jos-boys\/jos-boys-05\/\">05<\/a> &#8211; 06 &#8211; 07 &#8211; \u00a0<a href=\"http:\/\/designinternational.uqam.ca\/2019\"><img decoding=\"async\" class=\"alignnone wp-image-48750\" src=\"http:\/\/designinternational.uqam.ca\/2019\/wp-content\/uploads\/sites\/8\/2019\/05\/Home.png\" alt=\"\" width=\"15\" height=\"16\" srcset=\"https:\/\/designinternational.uqam.ca\/2019\/wp-content\/uploads\/sites\/8\/2019\/05\/Home.png 185w, https:\/\/designinternational.uqam.ca\/2019\/wp-content\/uploads\/sites\/8\/2019\/05\/Home-150x150.png 150w\" sizes=\"(max-width: 15px) 100vw, 15px\" \/><\/a><\/h5>\n<p>[\/vc_column_text][\/vc_column_inner][vc_column_inner width=\u00a0\u00bb1\/3&Prime;][\/vc_column_inner][\/vc_row_inner][\/vc_column][vc_column column_width_percent=\u00a0\u00bb100&Prime; override_padding=\u00a0\u00bbyes\u00a0\u00bb column_padding=\u00a0\u00bb0&Prime; overlay_alpha=\u00a0\u00bb50&Prime; gutter_size=\u00a0\u00bb3&Prime; border_color=\u00a0\u00bbcolor-jevc\u00a0\u00bb border_style=\u00a0\u00bbsolid\u00a0\u00bb medium_width=\u00a0\u00bb0&Prime; shift_x=\u00a0\u00bb0&Prime; shift_y=\u00a0\u00bb0&Prime; z_index=\u00a0\u00bb0&Prime; width=\u00a0\u00bb1\/12&Prime; css=\u00a0\u00bb.vc_custom_1557928860022{border-top-width: 1px !important;border-right-width: 0px !important;border-bottom-width: 1px !important;border-left-width: 1px !important;padding-top: 15px !important;padding-bottom: 15px !important;padding-left: 15px !important;}\u00a0\u00bb link_to=\u00a0\u00bburl:http%3A%2F%2Fdesigninternational.uqam.ca%2F2019%2Fstephane-halmai-voisard%2F|||\u00a0\u00bb][vc_custom_heading heading_semantic=\u00a0\u00bbh3&Prime; text_size=\u00a0\u00bbh3&Prime; text_height=\u00a0\u00bbfontheight-200749&Prime; text_weight=\u00a0\u00bb500&Prime;]<a href=\"http:\/\/designinternational.uqam.ca\/2019\/stephane-halmai-voisard\/\"><span style=\"font-size: 12pt;\">St\u00e9phane<\/span><\/a><br \/>\n<a href=\"http:\/\/designinternational.uqam.ca\/2019\/stephane-halmai-voisard\/\"><span style=\"font-size: 12pt;\">Halma\u00ef-<\/span><\/a><br \/>\n<a href=\"http:\/\/designinternational.uqam.ca\/2019\/stephane-halmai-voisard\/\"><span style=\"font-size: 12pt;\">Voisard<\/span><\/a>[\/vc_custom_heading][\/vc_column][vc_column column_width_percent=\u00a0\u00bb100&Prime; override_padding=\u00a0\u00bbyes\u00a0\u00bb column_padding=\u00a0\u00bb0&Prime; overlay_alpha=\u00a0\u00bb50&Prime; gutter_size=\u00a0\u00bb3&Prime; border_color=\u00a0\u00bbcolor-jevc\u00a0\u00bb border_style=\u00a0\u00bbsolid\u00a0\u00bb medium_width=\u00a0\u00bb0&Prime; shift_x=\u00a0\u00bb0&Prime; shift_y=\u00a0\u00bb0&Prime; z_index=\u00a0\u00bb0&Prime; width=\u00a0\u00bb1\/12&Prime; css=\u00a0\u00bb.vc_custom_1557928867857{border-top-width: 1px !important;border-right-width: 0px !important;border-bottom-width: 1px !important;border-left-width: 1px !important;padding-top: 15px !important;padding-bottom: 15px !important;padding-left: 15px !important;}\u00a0\u00bb link_to=\u00a0\u00bburl:http%3A%2F%2Fdesigninternational.uqam.ca%2F2019%2Fgilles-marty%2F|||\u00a0\u00bb][vc_custom_heading heading_semantic=\u00a0\u00bbh3&Prime; text_size=\u00a0\u00bbh3&Prime; text_height=\u00a0\u00bbfontheight-200749&Prime; text_weight=\u00a0\u00bb500&Prime;]<a href=\"http:\/\/designinternational.uqam.ca\/2019\/gilles-marty\/\"><span style=\"font-size: 12pt;\">Gilles<\/span><\/a><br \/>\n<a href=\"http:\/\/designinternational.uqam.ca\/2019\/gilles-marty\/\"><span style=\"font-size: 12pt;\">Marty<\/span><\/a>[\/vc_custom_heading][\/vc_column][vc_column column_width_percent=\u00a0\u00bb100&Prime; override_padding=\u00a0\u00bbyes\u00a0\u00bb column_padding=\u00a0\u00bb0&Prime; overlay_alpha=\u00a0\u00bb50&Prime; gutter_size=\u00a0\u00bb3&Prime; border_color=\u00a0\u00bbcolor-jevc\u00a0\u00bb border_style=\u00a0\u00bbsolid\u00a0\u00bb medium_width=\u00a0\u00bb0&Prime; shift_x=\u00a0\u00bb0&Prime; shift_y=\u00a0\u00bb0&Prime; z_index=\u00a0\u00bb0&Prime; width=\u00a0\u00bb1\/12&Prime; css=\u00a0\u00bb.vc_custom_1557928874448{border-top-width: 1px !important;border-right-width: 1px !important;border-bottom-width: 1px !important;border-left-width: 1px !important;padding-top: 15px !important;padding-bottom: 15px !important;padding-left: 15px !important;}\u00a0\u00bb link_to=\u00a0\u00bburl:http%3A%2F%2Fdesigninternational.uqam.ca%2F2019%2Fjulia-van-den-hout-kyle-may%2F|||\u00a0\u00bb][vc_custom_heading heading_semantic=\u00a0\u00bbh3&Prime; text_size=\u00a0\u00bbh3&Prime; text_height=\u00a0\u00bbfontheight-200749&Prime; text_weight=\u00a0\u00bb500&Prime;]<a href=\"http:\/\/designinternational.uqam.ca\/2019\/julia-van-den-hout-kyle-may\/\"><span style=\"font-size: 12pt;\">Julia<\/span><\/a><br \/>\n<a href=\"http:\/\/designinternational.uqam.ca\/2019\/julia-van-den-hout-kyle-may\/\"><span style=\"font-size: 12pt;\">van den<\/span><\/a><br \/>\n<a href=\"http:\/\/designinternational.uqam.ca\/2019\/julia-van-den-hout-kyle-may\/\"><span style=\"font-size: 12pt;\">Hout<\/span><\/a><\/p>\n<p>&nbsp;<\/p>\n<p><a href=\"http:\/\/designinternational.uqam.ca\/2019\/julia-van-den-hout-kyle-may\/\"><span style=\"font-size: 12pt;\">Kyle\u00a0<\/span><span style=\"font-size: 12pt;\">May<\/span><\/a>[\/vc_custom_heading][\/vc_column][\/vc_row]<\/p>\n<\/div>","protected":false},"excerpt":{"rendered":"<p>[vc_row unlock_row_content=\u00a0\u00bbyes\u00a0\u00bb row_height_percent=\u00a0\u00bb100&Prime; override_padding=\u00a0\u00bbyes\u00a0\u00bb h_padding=\u00a0\u00bb0&Prime; top_padding=\u00a0\u00bb0&Prime; bottom_padding=\u00a0\u00bb0&Prime; back_color=\u00a0\u00bbcolor-355140&Prime; overlay_alpha=\u00a0\u00bb50&Prime; equal_height=\u00a0\u00bbyes\u00a0\u00bb gutter_size=\u00a0\u00bb0&Prime; shift_y=\u00a0\u00bb0&Prime;][vc_column column_width_percent=\u00a0\u00bb100&Prime; expand_height=\u00a0\u00bbyes\u00a0\u00bb override_padding=\u00a0\u00bbyes\u00a0\u00bb column_padding=\u00a0\u00bb0&Prime; overlay_alpha=\u00a0\u00bb50&Prime; gutter_size=\u00a0\u00bb2&Prime; border_color=\u00a0\u00bbcolor-jevc\u00a0\u00bb border_style=\u00a0\u00bbsolid\u00a0\u00bb [&hellip;]<\/p>\n","protected":false},"author":6,"featured_media":0,"parent":0,"menu_order":0,"comment_status":"closed","ping_status":"closed","template":"","meta":{"footnotes":""},"class_list":["post-48724","page","type-page","status-publish","hentry","page_category-jos-boys"],"_links":{"self":[{"href":"https:\/\/designinternational.uqam.ca\/2019\/wp-json\/wp\/v2\/pages\/48724","targetHints":{"allow":["GET"]}}],"collection":[{"href":"https:\/\/designinternational.uqam.ca\/2019\/wp-json\/wp\/v2\/pages"}],"about":[{"href":"https:\/\/designinternational.uqam.ca\/2019\/wp-json\/wp\/v2\/types\/page"}],"author":[{"embeddable":true,"href":"https:\/\/designinternational.uqam.ca\/2019\/wp-json\/wp\/v2\/users\/6"}],"replies":[{"embeddable":true,"href":"https:\/\/designinternational.uqam.ca\/2019\/wp-json\/wp\/v2\/comments?post=48724"}],"version-history":[{"count":14,"href":"https:\/\/designinternational.uqam.ca\/2019\/wp-json\/wp\/v2\/pages\/48724\/revisions"}],"predecessor-version":[{"id":49773,"href":"https:\/\/designinternational.uqam.ca\/2019\/wp-json\/wp\/v2\/pages\/48724\/revisions\/49773"}],"wp:attachment":[{"href":"https:\/\/designinternational.uqam.ca\/2019\/wp-json\/wp\/v2\/media?parent=48724"}],"curies":[{"name":"wp","href":"https:\/\/api.w.org\/{rel}","templated":true}]}}