{"id":48690,"date":"2019-05-14T21:42:29","date_gmt":"2019-05-14T20:42:29","guid":{"rendered":"http:\/\/designinternational.uqam.ca\/2019\/?page_id=48690"},"modified":"2019-05-19T20:56:28","modified_gmt":"2019-05-19T19:56:28","slug":"jacques-ferrier","status":"publish","type":"page","link":"https:\/\/designinternational.uqam.ca\/2019\/jacques-ferrier\/","title":{"rendered":"Jacques Ferrier"},"content":{"rendered":"<div class=\"wpb-content-wrapper\"><p>[vc_row unlock_row_content=\u00a0\u00bbyes\u00a0\u00bb row_height_percent=\u00a0\u00bb100&Prime; override_padding=\u00a0\u00bbyes\u00a0\u00bb h_padding=\u00a0\u00bb0&Prime; top_padding=\u00a0\u00bb0&Prime; bottom_padding=\u00a0\u00bb0&Prime; back_color=\u00a0\u00bbcolor-355140&Prime; overlay_alpha=\u00a0\u00bb50&Prime; equal_height=\u00a0\u00bbyes\u00a0\u00bb gutter_size=\u00a0\u00bb0&Prime; shift_y=\u00a0\u00bb0&Prime;][vc_column column_width_percent=\u00a0\u00bb100&Prime; expand_height=\u00a0\u00bbyes\u00a0\u00bb override_padding=\u00a0\u00bbyes\u00a0\u00bb column_padding=\u00a0\u00bb0&Prime; overlay_alpha=\u00a0\u00bb50&Prime; gutter_size=\u00a0\u00bb2&Prime; border_color=\u00a0\u00bbcolor-jevc\u00a0\u00bb border_style=\u00a0\u00bbsolid\u00a0\u00bb medium_width=\u00a0\u00bb0&Prime; shift_x=\u00a0\u00bb0&Prime; shift_y=\u00a0\u00bb0&Prime; z_index=\u00a0\u00bb0&Prime; width=\u00a0\u00bb1\/12&Prime; css=\u00a0\u00bb.vc_custom_1557928639010{border-top-width: 1px !important;border-right-width: 0px !important;border-bottom-width: 1px !important;border-left-width: 1px !important;padding-top: 15px !important;padding-bottom: 15px !important;padding-left: 15px !important;}\u00a0\u00bb link_to=\u00a0\u00bburl:http%3A%2F%2Fdesigninternational.uqam.ca%2F2019%2Fdafi-kuhne%2F|title:Dafi%20K%C3%BChne||\u00a0\u00bb][vc_custom_heading heading_semantic=\u00a0\u00bbh3&Prime; text_size=\u00a0\u00bbh3&Prime; text_height=\u00a0\u00bbfontheight-200749&Prime; text_weight=\u00a0\u00bb500&Prime;]<a href=\"http:\/\/designinternational.uqam.ca\/2019\/dafi-kuhne\/\"><span style=\"font-size: 12pt;\">Dafi<\/span><\/a><br \/>\n<a href=\"http:\/\/designinternational.uqam.ca\/2019\/dafi-kuhne\/\"><span style=\"font-size: 12pt;\">K\u00fchne<\/span><\/a>[\/vc_custom_heading][\/vc_column][vc_column column_width_percent=\u00a0\u00bb100&Prime; expand_height=\u00a0\u00bbyes\u00a0\u00bb override_padding=\u00a0\u00bbyes\u00a0\u00bb column_padding=\u00a0\u00bb0&Prime; overlay_alpha=\u00a0\u00bb50&Prime; gutter_size=\u00a0\u00bb3&Prime; border_color=\u00a0\u00bbcolor-jevc\u00a0\u00bb border_style=\u00a0\u00bbsolid\u00a0\u00bb medium_width=\u00a0\u00bb0&Prime; shift_x=\u00a0\u00bb0&Prime; shift_y=\u00a0\u00bb0&Prime; z_index=\u00a0\u00bb0&Prime; width=\u00a0\u00bb7\/12&Prime; css=\u00a0\u00bb.vc_custom_1557866185572{border-top-width: 1px !important;border-right-width: 0px !important;border-bottom-width: 1px !important;border-left-width: 1px !important;padding-top: 15px !important;padding-left: 15px !important;}\u00a0\u00bb][vc_custom_heading heading_semantic=\u00a0\u00bbh3&Prime; text_size=\u00a0\u00bbh3&Prime; text_height=\u00a0\u00bbfontheight-200749&Prime; text_weight=\u00a0\u00bb500&Prime; css_animation=\u00a0\u00bbright-t-left\u00a0\u00bb animation_speed=\u00a0\u00bb1000&Prime; animation_delay=\u00a0\u00bb100&Prime;]<span style=\"font-size: 12pt;\">Jacques<\/span><br \/>\n<span style=\"font-size: 12pt;\">Ferrier<\/span>[\/vc_custom_heading][vc_row_inner][vc_column_inner column_width_percent=\u00a0\u00bb100&Prime; gutter_size=\u00a0\u00bb2&Prime; overlay_alpha=\u00a0\u00bb50&Prime; medium_width=\u00a0\u00bb0&Prime; shift_x=\u00a0\u00bb0&Prime; shift_y=\u00a0\u00bb0&Prime; z_index=\u00a0\u00bb0&Prime; width=\u00a0\u00bb2\/3&Prime;][vc_column_text]ARCHITECTE &amp; URBANISTE<br \/>\nINVIT\u00c9 DE LOUISE PELLETIER[\/vc_column_text][vc_column_text]Jacques Ferrier est architecte et urbaniste. Bas\u00e9 \u00e0 Paris, il travaille en France et \u00e0 l\u2019international. Associ\u00e9 avec Pauline Marchetti, il d\u00e9veloppe le concept de Ville Sensuelle. Leurs projets s\u2019inscrivent dans une philosophie ambitieuse : cr\u00e9er une architecture et une ville pour une soci\u00e9t\u00e9 humaniste, cr\u00e9ative et durable. Leur travail est l\u2019objet de nombreuses publications et expositions.<\/p>\n<p>Le seuil est un espace d\u2019articulation, un entre-deux qui ne se laisse d\u00e9terminer ni par un c\u00f4t\u00e9, ni par l\u2019autre. Il ne cesse de laisser passer, mais offre \u00e9galement la possibilit\u00e9 de cr\u00e9er un espace non d\u00e9termin\u00e9. L\u2019architecture internationale s\u2019est d\u00e9barrass\u00e9e des seuils devenus obstacles \u00e0 une logique enti\u00e8rement fonctionnelle et vou\u00e9e \u00e0 la mobilit\u00e9 continue. Pourtant les seuils nous sont n\u00e9cessaires. Ils cr\u00e9ent des s\u00e9quences d\u2019ambiances vari\u00e9es qui sont autant de possibilit\u00e9s d\u2019exp\u00e9riences individuelles, de vie collective et d\u2019appropriation. Le projet consiste \u00e0 identifier, autour de nous, des situations d\u2019entre-deux et \u00e0 inventer de nouveaux seuils en jouant avec l\u2019espace, le temps, le climat, les mati\u00e8res, les odeurs, la lumi\u00e8re, les couleurs, les \u00e9crans, les sons\u2026[\/vc_column_text][vc_column_text]<a href=\"http:\/\/www.jacques-ferrier.com\/\" target=\"_blank\" rel=\"nofollow noopener noreferrer\" data-lynx-mode=\"hover\" data-lynx-uri=\"https:\/\/l.messenger.com\/l.php?u=http%3A%2F%2Fwww.jacques-ferrier.com%2F&amp;h=AT3Bre6DVp_ZEMgs31l5d5OshVzNHaH4rBccEOj1wDIyyf_h1ksvjAdl-eSyBDz43W2W6E-7Kjuulfo_oO6YitILLNnBlBeaTXIZDvokhHH1L22vq-CA48_Qz0WNx0QiWWAz5WAd\">jacques-ferrier.com<\/a> &#8211; <a href=\"http:\/\/www.sensual-city.com\/\" target=\"_blank\" rel=\"nofollow noopener noreferrer\" data-lynx-mode=\"hover\" data-lynx-uri=\"https:\/\/l.messenger.com\/l.php?u=http%3A%2F%2Fwww.sensual-city.com%2F&amp;h=AT3Bre6DVp_ZEMgs31l5d5OshVzNHaH4rBccEOj1wDIyyf_h1ksvjAdl-eSyBDz43W2W6E-7Kjuulfo_oO6YitILLNnBlBeaTXIZDvokhHH1L22vq-CA48_Qz0WNx0QiWWAz5WAd\">sensual-city.com<\/a>[\/vc_column_text][vc_column_text]<\/p>\n<h5 style=\"text-align: left;\"><a href=\"http:\/\/designinternational.uqam.ca\/2019\/jacques-ferrier\/jacques-ferrier-00#jacques-ferrier\">00<\/a> &#8211; <a href=\"http:\/\/designinternational.uqam.ca\/2019\/jacques-ferrier\/jacques-ferrier-01\/\">01<\/a> &#8211; <a href=\"http:\/\/designinternational.uqam.ca\/2019\/jacques-ferrier\/jacques-ferrier-02\">02<\/a> &#8211; <a href=\"http:\/\/designinternational.uqam.ca\/2019\/jacques-ferrier\/jacques-ferrier-03\/\">03<\/a> &#8211; <a href=\"http:\/\/designinternational.uqam.ca\/2019\/jacques-ferrier\/jacques-ferrier-04\/\">04<\/a> &#8211; <a href=\"http:\/\/designinternational.uqam.ca\/2019\/jacques-ferrier\/jacques-ferrier-05\/\">05<\/a> &#8211; <a href=\"http:\/\/designinternational.uqam.ca\/2019\/jacques-ferrier\/jacques-ferrier-06\/\">06<\/a> &#8211; <a href=\"http:\/\/designinternational.uqam.ca\/2019\/jacques-ferrier\/jacques-ferrier-07\/\">07<\/a> &#8211; <a href=\"http:\/\/designinternational.uqam.ca\/2019\"><img decoding=\"async\" class=\"alignnone wp-image-48750\" src=\"http:\/\/designinternational.uqam.ca\/2019\/wp-content\/uploads\/sites\/8\/2019\/05\/Home.png\" alt=\"\" width=\"15\" height=\"16\" srcset=\"https:\/\/designinternational.uqam.ca\/2019\/wp-content\/uploads\/sites\/8\/2019\/05\/Home.png 185w, https:\/\/designinternational.uqam.ca\/2019\/wp-content\/uploads\/sites\/8\/2019\/05\/Home-150x150.png 150w\" sizes=\"(max-width: 15px) 100vw, 15px\" \/><\/a><\/h5>\n<p>[\/vc_column_text][\/vc_column_inner][vc_column_inner width=\u00a0\u00bb1\/3&Prime;][\/vc_column_inner][\/vc_row_inner][\/vc_column][vc_column column_width_percent=\u00a0\u00bb100&Prime; override_padding=\u00a0\u00bbyes\u00a0\u00bb column_padding=\u00a0\u00bb0&Prime; overlay_alpha=\u00a0\u00bb50&Prime; gutter_size=\u00a0\u00bb3&Prime; border_color=\u00a0\u00bbcolor-jevc\u00a0\u00bb border_style=\u00a0\u00bbsolid\u00a0\u00bb medium_width=\u00a0\u00bb0&Prime; shift_x=\u00a0\u00bb0&Prime; shift_y=\u00a0\u00bb0&Prime; z_index=\u00a0\u00bb0&Prime; width=\u00a0\u00bb1\/12&Prime; css=\u00a0\u00bb.vc_custom_1557928675769{border-top-width: 1px !important;border-right-width: 0px !important;border-bottom-width: 1px !important;border-left-width: 1px !important;padding-top: 15px !important;padding-bottom: 15px !important;padding-left: 15px !important;}\u00a0\u00bb link_to=\u00a0\u00bburl:http%3A%2F%2Fdesigninternational.uqam.ca%2F2019%2Fjos-boys%2F|title:jos%20boys||\u00a0\u00bb][vc_custom_heading heading_semantic=\u00a0\u00bbh3&Prime; text_size=\u00a0\u00bbh3&Prime; text_height=\u00a0\u00bbfontheight-200749&Prime; text_weight=\u00a0\u00bb500&Prime;]<a href=\"http:\/\/designinternational.uqam.ca\/2019\/jos-boys\/\"><span style=\"font-size: 12pt;\">Jos<\/span><\/a><br \/>\n<a href=\"http:\/\/designinternational.uqam.ca\/2019\/jos-boys\/\"><span style=\"font-size: 12pt;\">Boys<\/span><\/a>[\/vc_custom_heading][\/vc_column][vc_column column_width_percent=\u00a0\u00bb100&Prime; override_padding=\u00a0\u00bbyes\u00a0\u00bb column_padding=\u00a0\u00bb0&Prime; overlay_alpha=\u00a0\u00bb50&Prime; gutter_size=\u00a0\u00bb3&Prime; border_color=\u00a0\u00bbcolor-jevc\u00a0\u00bb border_style=\u00a0\u00bbsolid\u00a0\u00bb medium_width=\u00a0\u00bb0&Prime; shift_x=\u00a0\u00bb0&Prime; shift_y=\u00a0\u00bb0&Prime; z_index=\u00a0\u00bb0&Prime; width=\u00a0\u00bb1\/12&Prime; css=\u00a0\u00bb.vc_custom_1557928682555{border-top-width: 1px !important;border-right-width: 0px !important;border-bottom-width: 1px !important;border-left-width: 1px !important;padding-top: 15px !important;padding-bottom: 15px !important;padding-left: 15px !important;}\u00a0\u00bb link_to=\u00a0\u00bburl:http%3A%2F%2Fdesigninternational.uqam.ca%2F2019%2Fstephane-halmai-voisard%2F|||\u00a0\u00bb][vc_custom_heading heading_semantic=\u00a0\u00bbh3&Prime; text_size=\u00a0\u00bbh3&Prime; text_height=\u00a0\u00bbfontheight-200749&Prime; text_weight=\u00a0\u00bb500&Prime;]<a href=\"http:\/\/designinternational.uqam.ca\/2019\/stephane-halmai-voisard\/\"><span style=\"font-size: 12pt;\">St\u00e9phane<\/span><\/a><br \/>\n<a href=\"http:\/\/designinternational.uqam.ca\/2019\/stephane-halmai-voisard\/\"><span style=\"font-size: 12pt;\">Halma\u00ef-<\/span><\/a><br \/>\n<a href=\"http:\/\/designinternational.uqam.ca\/2019\/stephane-halmai-voisard\/\"><span style=\"font-size: 12pt;\">Voisard<\/span><\/a>[\/vc_custom_heading][\/vc_column][vc_column column_width_percent=\u00a0\u00bb100&Prime; override_padding=\u00a0\u00bbyes\u00a0\u00bb column_padding=\u00a0\u00bb0&Prime; overlay_alpha=\u00a0\u00bb50&Prime; gutter_size=\u00a0\u00bb3&Prime; border_color=\u00a0\u00bbcolor-jevc\u00a0\u00bb border_style=\u00a0\u00bbsolid\u00a0\u00bb medium_width=\u00a0\u00bb0&Prime; shift_x=\u00a0\u00bb0&Prime; shift_y=\u00a0\u00bb0&Prime; z_index=\u00a0\u00bb0&Prime; width=\u00a0\u00bb1\/12&Prime; css=\u00a0\u00bb.vc_custom_1557928697451{border-top-width: 1px !important;border-right-width: 0px !important;border-bottom-width: 1px !important;border-left-width: 1px !important;padding-top: 15px !important;padding-bottom: 15px !important;padding-left: 15px !important;}\u00a0\u00bb link_to=\u00a0\u00bburl:http%3A%2F%2Fdesigninternational.uqam.ca%2F2019%2Fgilles-marty%2F|||\u00a0\u00bb][vc_custom_heading heading_semantic=\u00a0\u00bbh3&Prime; text_size=\u00a0\u00bbh3&Prime; text_height=\u00a0\u00bbfontheight-200749&Prime; text_weight=\u00a0\u00bb500&Prime;]<a href=\"http:\/\/designinternational.uqam.ca\/2019\/gilles-marty\/\"><span style=\"font-size: 12pt;\">Gilles<\/span><\/a><br \/>\n<a href=\"http:\/\/designinternational.uqam.ca\/2019\/gilles-marty\/\"><span style=\"font-size: 12pt;\">Marty<\/span><\/a>[\/vc_custom_heading][\/vc_column][vc_column column_width_percent=\u00a0\u00bb100&Prime; override_padding=\u00a0\u00bbyes\u00a0\u00bb column_padding=\u00a0\u00bb0&Prime; overlay_alpha=\u00a0\u00bb50&Prime; gutter_size=\u00a0\u00bb3&Prime; border_color=\u00a0\u00bbcolor-jevc\u00a0\u00bb border_style=\u00a0\u00bbsolid\u00a0\u00bb medium_width=\u00a0\u00bb0&Prime; shift_x=\u00a0\u00bb0&Prime; shift_y=\u00a0\u00bb0&Prime; z_index=\u00a0\u00bb0&Prime; width=\u00a0\u00bb1\/12&Prime; css=\u00a0\u00bb.vc_custom_1557928704612{border-top-width: 1px !important;border-right-width: 1px !important;border-bottom-width: 1px !important;border-left-width: 1px !important;padding-top: 15px !important;padding-bottom: 15px !important;padding-left: 15px !important;}\u00a0\u00bb link_to=\u00a0\u00bburl:http%3A%2F%2Fdesigninternational.uqam.ca%2F2019%2Fjulia-van-den-hout-kyle-may%2F|||\u00a0\u00bb][vc_custom_heading heading_semantic=\u00a0\u00bbh3&Prime; text_size=\u00a0\u00bbh3&Prime; text_height=\u00a0\u00bbfontheight-200749&Prime; text_weight=\u00a0\u00bb500&Prime;]<a href=\"http:\/\/designinternational.uqam.ca\/2019\/julia-van-den-hout-kyle-may\/\"><span style=\"font-size: 12pt;\">Julia<\/span><\/a><br \/>\n<a href=\"http:\/\/designinternational.uqam.ca\/2019\/julia-van-den-hout-kyle-may\/\"><span style=\"font-size: 12pt;\">van den<\/span><\/a><br \/>\n<a href=\"http:\/\/designinternational.uqam.ca\/2019\/julia-van-den-hout-kyle-may\/\"><span style=\"font-size: 12pt;\">Hout<\/span><\/a><\/p>\n<p>&nbsp;<\/p>\n<p><a href=\"http:\/\/designinternational.uqam.ca\/2019\/julia-van-den-hout-kyle-may\/\"><span style=\"font-size: 12pt;\">Kyle\u00a0<\/span><span style=\"font-size: 12pt;\">May<\/span><\/a>[\/vc_custom_heading][\/vc_column][\/vc_row]<\/p>\n<\/div>","protected":false},"excerpt":{"rendered":"<p>[vc_row unlock_row_content=\u00a0\u00bbyes\u00a0\u00bb row_height_percent=\u00a0\u00bb100&Prime; override_padding=\u00a0\u00bbyes\u00a0\u00bb h_padding=\u00a0\u00bb0&Prime; top_padding=\u00a0\u00bb0&Prime; bottom_padding=\u00a0\u00bb0&Prime; back_color=\u00a0\u00bbcolor-355140&Prime; overlay_alpha=\u00a0\u00bb50&Prime; equal_height=\u00a0\u00bbyes\u00a0\u00bb gutter_size=\u00a0\u00bb0&Prime; shift_y=\u00a0\u00bb0&Prime;][vc_column column_width_percent=\u00a0\u00bb100&Prime; expand_height=\u00a0\u00bbyes\u00a0\u00bb override_padding=\u00a0\u00bbyes\u00a0\u00bb column_padding=\u00a0\u00bb0&Prime; overlay_alpha=\u00a0\u00bb50&Prime; gutter_size=\u00a0\u00bb2&Prime; border_color=\u00a0\u00bbcolor-jevc\u00a0\u00bb border_style=\u00a0\u00bbsolid\u00a0\u00bb [&hellip;]<\/p>\n","protected":false},"author":6,"featured_media":0,"parent":0,"menu_order":0,"comment_status":"closed","ping_status":"closed","template":"","meta":{"footnotes":""},"class_list":["post-48690","page","type-page","status-publish","hentry","page_category-jacques-ferrier"],"_links":{"self":[{"href":"https:\/\/designinternational.uqam.ca\/2019\/wp-json\/wp\/v2\/pages\/48690","targetHints":{"allow":["GET"]}}],"collection":[{"href":"https:\/\/designinternational.uqam.ca\/2019\/wp-json\/wp\/v2\/pages"}],"about":[{"href":"https:\/\/designinternational.uqam.ca\/2019\/wp-json\/wp\/v2\/types\/page"}],"author":[{"embeddable":true,"href":"https:\/\/designinternational.uqam.ca\/2019\/wp-json\/wp\/v2\/users\/6"}],"replies":[{"embeddable":true,"href":"https:\/\/designinternational.uqam.ca\/2019\/wp-json\/wp\/v2\/comments?post=48690"}],"version-history":[{"count":21,"href":"https:\/\/designinternational.uqam.ca\/2019\/wp-json\/wp\/v2\/pages\/48690\/revisions"}],"predecessor-version":[{"id":50183,"href":"https:\/\/designinternational.uqam.ca\/2019\/wp-json\/wp\/v2\/pages\/48690\/revisions\/50183"}],"wp:attachment":[{"href":"https:\/\/designinternational.uqam.ca\/2019\/wp-json\/wp\/v2\/media?parent=48690"}],"curies":[{"name":"wp","href":"https:\/\/api.w.org\/{rel}","templated":true}]}}